{"id":81,"date":"2021-04-06T18:03:46","date_gmt":"2021-04-06T16:03:46","guid":{"rendered":"http:\/\/modulocoop.fr\/?page_id=81"},"modified":"2026-04-13T14:33:40","modified_gmt":"2026-04-13T12:33:40","slug":"formation-atelier-associations","status":"publish","type":"page","link":"https:\/\/laserfouette.fr\/index.php\/formation-atelier-associations\/","title":{"rendered":"Formations inter-asso"},"content":{"rendered":"\n<div class=\"wp-block-cover\" style=\"border-style:none;border-width:0px;border-top-left-radius:40px;border-top-right-radius:40px;border-bottom-left-radius:40px;border-bottom-right-radius:40px;min-height:406px;aspect-ratio:unset;\"><img data-opt-id=1041595582  fetchpriority=\"high\" decoding=\"async\" width=\"721\" height=\"541\" class=\"wp-block-cover__image-background wp-image-1764 size-full\" alt=\"\" src=\"https:\/\/mluknvwbnyjc.i.optimole.com\/w:auto\/h:auto\/q:mauto\/f:best\/https:\/\/laserfouette.fr\/wp-content\/uploads\/2026\/02\/IMG_20230311_112034.jpeg\" style=\"object-position:46% 75%\" data-object-fit=\"cover\" data-object-position=\"46% 75%\" srcset=\"https:\/\/mluknvwbnyjc.i.optimole.com\/w:721\/h:541\/q:mauto\/f:best\/https:\/\/laserfouette.fr\/wp-content\/uploads\/2026\/02\/IMG_20230311_112034.jpeg 721w, https:\/\/mluknvwbnyjc.i.optimole.com\/w:300\/h:225\/q:mauto\/f:best\/https:\/\/laserfouette.fr\/wp-content\/uploads\/2026\/02\/IMG_20230311_112034.jpeg 300w\" sizes=\"(max-width: 721px) 100vw, 721px\" \/><span aria-hidden=\"true\" class=\"wp-block-cover__background has-background-dim wp-block-cover__gradient-background has-background-gradient has-luminous-dusk-gradient-background\"><\/span><div class=\"wp-block-cover__inner-container is-layout-constrained wp-block-cover-is-layout-constrained\">\n<p class=\"has-text-align-center has-large-font-size\" style=\"border-top-left-radius:40px;border-top-right-radius:40px;border-bottom-left-radius:40px;border-bottom-right-radius:40px\"><strong>Des sessions pour les acteur\u22c5ices de l&rsquo;associatif<\/strong><\/p>\n<\/div><\/div>\n\n\n\n<h2 class=\"wp-block-heading\">Travail associatif <\/h2>\n\n\n\n<p>Un module de trois jours con\u00e7u pour r\u00e9pondre aux difficult\u00e9s que peuvent rencontrer les personnes engag\u00e9es dans une association.<\/p>\n\n\n\n<p class=\"has-text-align-center\"><strong>Prochaine session en 2026 en Normandie (dates et lieu \u00e0 d\u00e9finir)<\/strong><\/p>\n\n\n\n<div class=\"wp-block-buttons is-content-justification-center is-layout-flex wp-container-core-buttons-is-layout-a89b3969 wp-block-buttons-is-layout-flex\" style=\"border-top-left-radius:45px;border-top-right-radius:45px;border-bottom-left-radius:45px;border-bottom-right-radius:45px\">\n<div class=\"wp-block-button has-custom-width wp-block-button__width-75\"><a class=\"wp-block-button__link has-text-align-center wp-element-button\" href=\"https:\/\/framaforms.org\/manifestation-dinteret-pour-la-formation-travail-associatif-1770902783\" style=\"border-top-left-radius:19px;border-top-right-radius:19px;border-bottom-left-radius:19px;border-bottom-right-radius:19px\">\u00c7a m&rsquo;int\u00e9resse<\/a><\/div>\n<\/div>\n\n\n\n<div class=\"wp-block-columns is-layout-flex wp-container-core-columns-is-layout-28f84493 wp-block-columns-is-layout-flex\">\n<div class=\"wp-block-column is-layout-flow wp-block-column-is-layout-flow\">\n<p>La formation a pour intentions de :<\/p>\n\n\n\n<ul class=\"wp-block-list\">\n<li>D\u00e9nouer des situations inconfortables v\u00e9cues au<br>travail<\/li>\n\n\n\n<li>Rechercher un positionnement juste par rapport \u00e0 ces situations<\/li>\n\n\n\n<li>Partager des savoirs<\/li>\n\n\n\n<li>Mieux comprendre ce qui se joue dans sa structure<\/li>\n\n\n\n<li>Se retrouver en collectif avec des paires<\/li>\n<\/ul>\n<\/div>\n\n\n\n<div class=\"wp-block-column is-layout-flow wp-block-column-is-layout-flow\">\n<figure class=\"wp-block-pullquote has-normal-font-size\"><blockquote><p><em>\u00ab\u00a0Comment et pourquoi est-il aussi<br>difficile de dire la souffrance au<br>travail dans les associations, mais<br>aussi de dire les hi\u00e9rarchies<br>internes, les statuts, les conditions<br>?\u00a0\u00bb<\/em><\/p><cite><em>Te plains pas, c&rsquo;est pas l&rsquo;usine<\/em>, <br>Lily Zalzett &amp; Stella Fihn<\/cite><\/blockquote><\/figure>\n<\/div>\n<\/div>\n\n\n\n<details class=\"wp-block-details is-layout-flow wp-block-details-is-layout-flow\"><summary>Comment \u00e7a se passe ?<\/summary>\n<p>La formation est b\u00e2tie \u00e0 partir des contextes et questionnements particuliers des participant\u22c5es. <\/p>\n\n\n\n<p>Voil\u00e0 quelques \u00e9l\u00e9ments impond\u00e9rables :  <\/p>\n\n\n\n<ul class=\"wp-block-list\">\n<li>On utilise des m\u00e9thode d\u2019intelligence collective et d\u2019\u00e9ducation populaire<\/li>\n\n\n\n<li>On \u00e9change sur nos pratiques<\/li>\n\n\n\n<li>On se documente<\/li>\n\n\n\n<li>On joue pour se d\u00e9tendre et\/ou apprendre<\/li>\n\n\n\n<li>On prend des temps de r\u00e9flexion individuelle<\/li>\n\n\n\n<li>On recherche des solutions pour am\u00e9liorer sa situation<\/li>\n<\/ul>\n<\/details>\n\n\n\n<details class=\"wp-block-details is-layout-flow wp-block-details-is-layout-flow\"><summary>Pour qui ? <\/summary>\n<p>Cette formation s\u2019adresse aux personnes qui sont engag\u00e9es une association (salari\u00e9\u22c5es, b\u00e9n\u00e9vole en responsabilit\u00e9, membre d&rsquo;un conseil d&rsquo;administration etc.).<\/p>\n\n\n\n<p>Le seul autre pr\u00e9requis pour participer est l\u2019expression et la compr\u00e9hension orale du fran\u00e7ais.<\/p>\n\n\n\n<p><em>Cette formation se veut inclusive et adaptable. Si tu as des contraintes susceptibles de freiner ta participation (handicap, troubles divers), fait m\u2019en part d\u00e8s maintenant. Nous pourrons alors discuter des modalit\u00e9s d\u2019adaptation.<\/em><\/p>\n<\/details>\n\n\n\n<details class=\"wp-block-details is-layout-flow wp-block-details-is-layout-flow\"><summary>Quelles modalit\u00e9s d&rsquo;\u00e9valuation ? <\/summary>\n<p>La meilleure personne pour \u00e9valuer ton avancement c\u2019est vous ! \u00c0 la fin du stage, vous serez amen\u00e9\u00b7e \u00e0 faire le point sur les objectifs de la formation (et ceux que vous vous serez fix\u00e9s vous-m\u00eame).<\/p>\n<\/details>\n\n\n\n<details class=\"wp-block-details is-layout-flow wp-block-details-is-layout-flow\"><summary>Les intervenantes <\/summary>\n<div class=\"wp-block-columns is-layout-flex wp-container-core-columns-is-layout-28f84493 wp-block-columns-is-layout-flex\">\n<div class=\"wp-block-column is-layout-flow wp-block-column-is-layout-flow\">\n<p class=\"has-text-align-center\"><strong>Apolline Roche<\/strong><\/p>\n\n\n\n<p class=\"has-text-align-center\">Formatrice &amp; animatrice d&rsquo;\u00e9ducation populaire, sp\u00e9cialis\u00e9e sur les questions d&rsquo;engagement et de pr\u00e9vention de l&rsquo;\u00e9puisement <\/p>\n<\/div>\n\n\n\n<div class=\"wp-block-column is-layout-flow wp-block-column-is-layout-flow\">\n<p class=\"has-text-align-center\"><strong>Elise Jamet <\/strong><\/p>\n\n\n\n<p class=\"has-text-align-center\"><\/p>\n<\/div>\n<\/div>\n<\/details>\n\n\n\n<div class=\"wp-block-buttons is-content-justification-center is-layout-flex wp-container-core-buttons-is-layout-a89b3969 wp-block-buttons-is-layout-flex\">\n<div class=\"wp-block-button\"><a class=\"wp-block-button__link wp-element-button\" href=\"https:\/\/framaforms.org\/manifestation-dinteret-pour-la-formation-travail-associatif-1770902783\" style=\"border-top-left-radius:20px;border-top-right-radius:20px;border-bottom-left-radius:20px;border-bottom-right-radius:20px\">Je veux \u00eatre tenu\u22c5e au courant de la prochaine session <\/a><\/div>\n<\/div>\n\n\n<h2>Atelier \u00ab\u00a0temps de travail &amp; d&rsquo;engagement\u00a0\u00bb<\/h2>\n<p>Une formation d&rsquo;une journ\u00e9e et demi pour :<\/p>\n<ul>\n<li>Se regrouper avec d\u2019autre salari\u00e9\u22c5e\u22c5s de l\u2019associatif<\/li>\n<li>D\u00e9cortiquer des probl\u00e8mes li\u00e9s \u00e0 l&rsquo;organisation du <b>temps de travail<\/b><\/li>\n<li>Repartir avec des ressources et des solutions pour avancer<\/li>\n<\/ul>\n\n\n<details class=\"wp-block-details is-layout-flow wp-block-details-is-layout-flow\"><summary>Prochaine session<\/summary>\n<p>Il n\u2019y a pas de dates de pr\u00e9vue pour cette session. Si tu es int\u00e9ress\u00e9\u22c5e pour en planifier un ou souhaites \u00eatre tenu\u22c5e au courant des prochaines dates, je t\u2019invite \u00e0 le dire par mail. <\/p>\n\n\n\n<ul class=\"wp-block-social-links is-layout-flex wp-block-social-links-is-layout-flex\"><\/ul>\n<\/details>\n\n\n\n<div class=\"wp-block-group is-layout-constrained wp-container-core-group-is-layout-8db3226a wp-block-group-is-layout-constrained\" style=\"margin-top:0px;margin-bottom:0px;padding-top:64px;padding-bottom:64px\">\n<div class=\"wp-block-columns alignwide has-ti-bg-inv-background-color has-background is-layout-flex wp-container-core-columns-is-layout-28f84493 wp-block-columns-is-layout-flex\" style=\"border-top-left-radius:45px;border-top-right-radius:45px;border-bottom-left-radius:45px;border-bottom-right-radius:45px\">\n<div class=\"wp-block-column is-vertically-aligned-center is-layout-flow wp-block-column-is-layout-flow\">\n<div class=\"wp-block-group is-nowrap is-layout-flex wp-container-core-group-is-layout-6c531013 wp-block-group-is-layout-flex\">\n<h2 class=\"wp-block-heading has-text-align-center has-ti-fg-alt-color has-text-color has-link-color wp-elements-b85cf9ead328c9642a10a51b0295e6c6\">Financer sa formation<\/h2>\n<\/div>\n<\/div>\n\n\n\n<div class=\"wp-block-column is-layout-flow wp-block-column-is-layout-flow\">\n<figure data-wp-context=\"{&quot;imageId&quot;:&quot;69f39be52eb68&quot;}\" data-wp-interactive=\"core\/image\" data-wp-key=\"69f39be52eb68\" class=\"wp-block-image aligncenter size-full is-resized wp-lightbox-container\"><img data-opt-id=1750789767  fetchpriority=\"high\" decoding=\"async\" width=\"634\" height=\"339\" data-wp-class--hide=\"state.isContentHidden\" data-wp-class--show=\"state.isContentVisible\" data-wp-init=\"callbacks.setButtonStyles\" data-wp-on--click=\"actions.showLightbox\" data-wp-on--load=\"callbacks.setButtonStyles\" data-wp-on-window--resize=\"callbacks.setButtonStyles\" src=\"https:\/\/mluknvwbnyjc.i.optimole.com\/w:auto\/h:auto\/q:mauto\/f:best\/https:\/\/laserfouette.fr\/wp-content\/uploads\/2024\/01\/LogoQualiopi-300dpi-Avec-Marianne.png\" alt=\"\" class=\"wp-image-1326\" style=\"aspect-ratio:1.8702058002634978;width:426px;height:auto\" srcset=\"https:\/\/mluknvwbnyjc.i.optimole.com\/w:634\/h:339\/q:mauto\/f:best\/https:\/\/laserfouette.fr\/wp-content\/uploads\/2024\/01\/LogoQualiopi-300dpi-Avec-Marianne.png 634w, https:\/\/mluknvwbnyjc.i.optimole.com\/w:300\/h:160\/q:mauto\/f:best\/https:\/\/laserfouette.fr\/wp-content\/uploads\/2024\/01\/LogoQualiopi-300dpi-Avec-Marianne.png 300w\" sizes=\"(max-width: 634px) 100vw, 634px\" \/><button\n\t\t\tclass=\"lightbox-trigger\"\n\t\t\ttype=\"button\"\n\t\t\taria-haspopup=\"dialog\"\n\t\t\taria-label=\"Agrandir\"\n\t\t\tdata-wp-init=\"callbacks.initTriggerButton\"\n\t\t\tdata-wp-on--click=\"actions.showLightbox\"\n\t\t\tdata-wp-style--right=\"state.imageButtonRight\"\n\t\t\tdata-wp-style--top=\"state.imageButtonTop\"\n\t\t>\n\t\t\t<svg xmlns=\"http:\/\/www.w3.org\/2000\/svg\" width=\"12\" height=\"12\" fill=\"none\" viewBox=\"0 0 12 12\">\n\t\t\t\t<path fill=\"#fff\" d=\"M2 0a2 2 0 0 0-2 2v2h1.5V2a.5.5 0 0 1 .5-.5h2V0H2Zm2 10.5H2a.5.5 0 0 1-.5-.5V8H0v2a2 2 0 0 0 2 2h2v-1.5ZM8 12v-1.5h2a.5.5 0 0 0 .5-.5V8H12v2a2 2 0 0 1-2 2H8Zm2-12a2 2 0 0 1 2 2v2h-1.5V2a.5.5 0 0 0-.5-.5H8V0h2Z\" \/>\n\t\t\t<\/svg>\n\t\t<\/button><\/figure>\n\n\n\n<p class=\"has-text-align-left has-ti-bg-color has-text-color has-link-color wp-elements-c486a99b3bc1a160158ec05a82f54a92\">La Serfouette fait partie de <a href=\"https:\/\/formation.coopaname.coop\/certification-qualiopi\/\">Coopaname,<\/a> un organisme de formation certifi\u00e9 Qualiopi. \u00c0 ce titre, les salari\u00e9\u22c5es peuvent b\u00e9n\u00e9ficier des fonds de formation professionnelle. <\/p>\n<\/div>\n<\/div>\n\n\n\n<div class=\"wp-block-group alignwide is-layout-constrained wp-block-group-is-layout-constrained\">\n<div class=\"wp-block-columns alignwide is-layout-flex wp-container-core-columns-is-layout-28f84493 wp-block-columns-is-layout-flex\">\n<div class=\"wp-block-column is-layout-flow wp-block-column-is-layout-flow\">\n<hr class=\"wp-block-separator has-alpha-channel-opacity is-style-wide\"\/>\n\n\n\n<p>D&rsquo;autres solutions de financement sont possibles notamment pour les b\u00e9n\u00e9voles, et particuliers. Plusieurs choses peuvent \u00eatre mises en place pour que le co\u00fbt ne soit pas un frein \u00e0 la participation.<\/p>\n<\/div>\n<\/div>\n<\/div>\n<\/div>\n\n\n\n<hr class=\"wp-block-separator has-alpha-channel-opacity\"\/>\n\n\n\n<h3 class=\"wp-block-heading\">Une question sur unes de ces formation ? Discutons-en ! <\/h3>\n\n\n<style id=\"wpforms-css-vars-1869-block-bb098f12-1818-41ed-824f-f56736724cf1\">\n\t\t\t\t#wpforms-1869.wpforms-block-bb098f12-1818-41ed-824f-f56736724cf1 {\n\t\t\t\t--wpforms-button-background-color: #07705b;\n--wpforms-field-size-input-height: 43px;\n--wpforms-field-size-input-spacing: 15px;\n--wpforms-field-size-font-size: 16px;\n--wpforms-field-size-line-height: 19px;\n--wpforms-field-size-padding-h: 14px;\n--wpforms-field-size-checkbox-size: 16px;\n--wpforms-field-size-sublabel-spacing: 5px;\n--wpforms-field-size-icon-size: 1;\n--wpforms-label-size-font-size: 16px;\n--wpforms-label-size-line-height: 19px;\n--wpforms-label-size-sublabel-font-size: 14px;\n--wpforms-label-size-sublabel-line-height: 17px;\n--wpforms-button-size-font-size: 17px;\n--wpforms-button-size-height: 41px;\n--wpforms-button-size-padding-h: 15px;\n--wpforms-button-size-margin-top: 10px;\n\t\t\t}\n\t\t\t<\/style><div class=\"wpforms-container wpforms-container-full wpforms-block wpforms-block-bb098f12-1818-41ed-824f-f56736724cf1 wpforms-render-modern\" id=\"wpforms-1869\"><form id=\"wpforms-form-1869\" class=\"wpforms-validate wpforms-form\" data-formid=\"1869\" method=\"post\" enctype=\"multipart\/form-data\" action=\"\/index.php\/wp-json\/wp\/v2\/pages\/81\" data-token=\"e39028b4b9f7511192b636ea721dc2d4\" data-token-time=\"1777572837\"><noscript class=\"wpforms-error-noscript\">Veuillez activer JavaScript dans votre navigateur pour remplir ce formulaire.<\/noscript><div id=\"wpforms-error-noscript\" style=\"display: none;\">Veuillez activer JavaScript dans votre navigateur pour remplir ce formulaire.<\/div><div class=\"wpforms-field-container\"><div id=\"wpforms-1869-field_1-container\" class=\"wpforms-field wpforms-field-name\" data-field-id=\"1\"><fieldset><legend class=\"wpforms-field-label\">Nom <span class=\"wpforms-required-label\" aria-hidden=\"true\">*<\/span><\/legend><div class=\"wpforms-field-row wpforms-field-medium\"><div class=\"wpforms-field-row-block wpforms-first wpforms-one-half\"><input type=\"text\" id=\"wpforms-1869-field_1\" class=\"wpforms-field-name-first wpforms-field-required\" name=\"wpforms[fields][1][first]\" aria-errormessage=\"wpforms-1869-field_1-error\" required><label for=\"wpforms-1869-field_1\" class=\"wpforms-field-sublabel after\">Pr\u00e9nom<\/label><\/div><div class=\"wpforms-field-row-block wpforms-one-half\"><input type=\"text\" id=\"wpforms-1869-field_1-last\" class=\"wpforms-field-name-last wpforms-field-required\" name=\"wpforms[fields][1][last]\" aria-errormessage=\"wpforms-1869-field_1-last-error\" required><label for=\"wpforms-1869-field_1-last\" class=\"wpforms-field-sublabel after\">Nom<\/label><\/div><\/div><\/fieldset><\/div>\t\t<div id=\"wpforms-1869-field_4-container\"\n\t\t\tclass=\"wpforms-field wpforms-field-text\"\n\t\t\tdata-field-type=\"text\"\n\t\t\tdata-field-id=\"4\"\n\t\t\t>\n\t\t\t<label class=\"wpforms-field-label\" for=\"wpforms-1869-field_4\" >Commentaire ou E-mail<\/label>\n\t\t\t<input type=\"text\" id=\"wpforms-1869-field_4\" class=\"wpforms-field-medium\" name=\"wpforms[fields][4]\" >\n\t\t<\/div>\n\t\t<div id=\"wpforms-1869-field_2-container\" class=\"wpforms-field wpforms-field-email\" data-field-id=\"2\"><label class=\"wpforms-field-label\" for=\"wpforms-1869-field_2\">E-mail <span class=\"wpforms-required-label\" aria-hidden=\"true\">*<\/span><\/label><input type=\"email\" id=\"wpforms-1869-field_2\" class=\"wpforms-field-medium wpforms-field-required\" name=\"wpforms[fields][2]\" spellcheck=\"false\" aria-errormessage=\"wpforms-1869-field_2-error\" required><\/div><div id=\"wpforms-1869-field_3-container\" class=\"wpforms-field wpforms-field-textarea\" data-field-id=\"3\"><label class=\"wpforms-field-label\" for=\"wpforms-1869-field_3\">Commentaire ou message<\/label><textarea id=\"wpforms-1869-field_3\" class=\"wpforms-field-medium\" name=\"wpforms[fields][3]\" aria-errormessage=\"wpforms-1869-field_3-error\" ><\/textarea><\/div><script>\n\t\t\t\t( function() {\n\t\t\t\t\tconst style = document.createElement( 'style' );\n\t\t\t\t\tstyle.appendChild( document.createTextNode( '#wpforms-1869-field_4-container { position: absolute !important; overflow: hidden !important; display: inline !important; height: 1px !important; width: 1px !important; z-index: -1000 !important; padding: 0 !important; } #wpforms-1869-field_4-container input { visibility: hidden; } #wpforms-conversational-form-page #wpforms-1869-field_4-container label { counter-increment: none; }' ) );\n\t\t\t\t\tdocument.head.appendChild( style );\n\t\t\t\t\tdocument.currentScript?.remove();\n\t\t\t\t} )();\n\t\t\t<\/script><\/div><!-- .wpforms-field-container --><div class=\"wpforms-submit-container\" ><input type=\"hidden\" name=\"wpforms[id]\" value=\"1869\"><input type=\"hidden\" name=\"page_title\" value=\"\"><input type=\"hidden\" name=\"page_url\" value=\"https:\/\/laserfouette.fr\/index.php\/wp-json\/wp\/v2\/pages\/81\"><input type=\"hidden\" name=\"url_referer\" value=\"\"><button type=\"submit\" name=\"wpforms[submit]\" id=\"wpforms-submit-1869\" class=\"wpforms-submit\" data-alt-text=\"Envoi...\" data-submit-text=\"Envoyer\" aria-live=\"assertive\" value=\"wpforms-submit\">Envoyer<\/button><\/div><\/form><\/div>  <!-- .wpforms-container -->","protected":false},"excerpt":{"rendered":"<p>Travail associatif Un module de trois jours con\u00e7u pour r\u00e9pondre aux difficult\u00e9s que peuvent rencontrer les personnes engag\u00e9es dans une association. Prochaine session en 2026 en Normandie (dates et lieu \u00e0 d\u00e9finir) La formation a pour intentions de : \u00ab\u00a0Comment et pourquoi est-il aussidifficile de dire la souffrance autravail dans les associations, maisaussi de dire [&hellip;]<\/p>\n","protected":false},"author":1,"featured_media":1217,"parent":0,"menu_order":0,"comment_status":"closed","ping_status":"closed","template":"","meta":{"footnotes":""},"class_list":["post-81","page","type-page","status-publish","has-post-thumbnail","hentry"],"_links":{"self":[{"href":"https:\/\/laserfouette.fr\/index.php\/wp-json\/wp\/v2\/pages\/81","targetHints":{"allow":["GET"]}}],"collection":[{"href":"https:\/\/laserfouette.fr\/index.php\/wp-json\/wp\/v2\/pages"}],"about":[{"href":"https:\/\/laserfouette.fr\/index.php\/wp-json\/wp\/v2\/types\/page"}],"author":[{"embeddable":true,"href":"https:\/\/laserfouette.fr\/index.php\/wp-json\/wp\/v2\/users\/1"}],"replies":[{"embeddable":true,"href":"https:\/\/laserfouette.fr\/index.php\/wp-json\/wp\/v2\/comments?post=81"}],"version-history":[{"count":12,"href":"https:\/\/laserfouette.fr\/index.php\/wp-json\/wp\/v2\/pages\/81\/revisions"}],"predecessor-version":[{"id":1927,"href":"https:\/\/laserfouette.fr\/index.php\/wp-json\/wp\/v2\/pages\/81\/revisions\/1927"}],"wp:featuredmedia":[{"embeddable":true,"href":"https:\/\/laserfouette.fr\/index.php\/wp-json\/wp\/v2\/media\/1217"}],"wp:attachment":[{"href":"https:\/\/laserfouette.fr\/index.php\/wp-json\/wp\/v2\/media?parent=81"}],"curies":[{"name":"wp","href":"https:\/\/api.w.org\/{rel}","templated":true}]}}