{"id":27,"date":"2021-02-25T14:09:25","date_gmt":"2021-02-25T13:09:25","guid":{"rendered":"http:\/\/modulocoop.fr\/?page_id=27"},"modified":"2026-04-13T10:34:59","modified_gmt":"2026-04-13T08:34:59","slug":"me-connaitre","status":"publish","type":"page","link":"https:\/\/laserfouette.fr\/index.php\/me-connaitre\/","title":{"rendered":"\u00c0 propos"},"content":{"rendered":"\n<div class=\"wp-block-group is-nowrap is-layout-flex wp-container-core-group-is-layout-6c531013 wp-block-group-is-layout-flex\">\n<div class=\"wp-block-group is-layout-constrained wp-container-core-group-is-layout-8db3226a wp-block-group-is-layout-constrained\" style=\"margin-top:0px;margin-bottom:0px;padding-top:64px;padding-bottom:64px\">\n<div class=\"wp-block-columns alignwide is-layout-flex wp-container-core-columns-is-layout-28f84493 wp-block-columns-is-layout-flex\">\n<div class=\"wp-block-column is-vertically-aligned-center is-layout-flow wp-block-column-is-layout-flow\">\n<h1 class=\"wp-block-heading alignwide has-huge-font-size\">La Serfouette, c&rsquo;est qui ? C&rsquo;est quoi ? <\/h1>\n\n\n\n<div class=\"wp-block-group is-nowrap is-layout-flex wp-container-core-group-is-layout-6c531013 wp-block-group-is-layout-flex\">\n<p class=\"has-medium-font-size\">C&rsquo;est une activit\u00e9 de formation, et d&rsquo;accompagnement cr\u00e9\u00e9e par Apolline Roche. L&rsquo;aventure a d\u00e9marr\u00e9 en 2021 \u00e0 Strasbourg &#8211; sous le nom de Modulo Coop. Elle est aujourd&rsquo;hui bas\u00e9e dans l&rsquo;Orne, en Normandie.<\/p>\n<\/div>\n<\/div>\n<\/div>\n\n\n\n<div style=\"height:100px\" aria-hidden=\"true\" class=\"wp-block-spacer\"><\/div>\n\n\n\n<div class=\"wp-block-columns is-layout-flex wp-container-core-columns-is-layout-28f84493 wp-block-columns-is-layout-flex\">\n<div class=\"wp-block-column is-layout-flow wp-block-column-is-layout-flow\" style=\"flex-basis:33.33%\">\n<figure class=\"wp-block-image size-full is-resized\"><a href=\"https:\/\/www.coopaname.coop\/?trk=public_post_share-update_update-text\"><img data-opt-id=196394838  fetchpriority=\"high\" decoding=\"async\" width=\"200\" height=\"200\" src=\"https:\/\/mluknvwbnyjc.i.optimole.com\/w:auto\/h:auto\/q:mauto\/f:best\/https:\/\/laserfouette.fr\/wp-content\/uploads\/2026\/02\/coopaname_logo.jpeg\" alt=\"\" class=\"wp-image-1735\" style=\"width:228px;height:auto\" srcset=\"https:\/\/mluknvwbnyjc.i.optimole.com\/w:200\/h:200\/q:mauto\/f:best\/https:\/\/laserfouette.fr\/wp-content\/uploads\/2026\/02\/coopaname_logo.jpeg 200w, https:\/\/mluknvwbnyjc.i.optimole.com\/w:150\/h:150\/q:mauto\/f:best\/https:\/\/laserfouette.fr\/wp-content\/uploads\/2026\/02\/coopaname_logo.jpeg 150w\" sizes=\"(max-width: 200px) 100vw, 200px\" \/><\/a><\/figure>\n<\/div>\n\n\n\n<div class=\"wp-block-column is-layout-flow wp-block-column-is-layout-flow\" style=\"flex-basis:66.66%\">\n<p>La Serfouette fait partie de Coopaname, une coop\u00e9rative d&rsquo;activit\u00e9 et d&#8217;emploi (CAE). <\/p>\n\n\n\n<p>\u00c7a signifie que je suis entour\u00e9e d&rsquo;autres entrepreneur\u22c5es, et accompagn\u00e9e dans la gestion administrative et financi\u00e8re de mon activit\u00e9. <\/p>\n\n\n\n<p>Un fonctionnement solidaire et coop\u00e9ratif, qui me permet de vivre le collectif au quotidien ! <\/p>\n<\/div>\n<\/div>\n\n\n\n<div style=\"height:100px\" aria-hidden=\"true\" class=\"wp-block-spacer\"><\/div>\n\n\n\n<div class=\"wp-block-group alignwide is-layout-constrained wp-block-group-is-layout-constrained\">\n<div class=\"wp-block-columns alignwide is-layout-flex wp-container-core-columns-is-layout-28f84493 wp-block-columns-is-layout-flex\">\n<div class=\"wp-block-column is-layout-flow wp-block-column-is-layout-flow\">\n<hr class=\"wp-block-separator has-alpha-channel-opacity is-style-wide\"\/>\n\n\n\n<h3 class=\"wp-block-heading has-text-align-center\">Apolline Roche<\/h3>\n\n\n\n<figure data-wp-context=\"{&quot;imageId&quot;:&quot;69f39be52fac2&quot;}\" data-wp-interactive=\"core\/image\" data-wp-key=\"69f39be52fac2\" class=\"wp-block-image aligncenter size-full is-resized has-custom-border is-style-rounded wp-duotone-unset-1 wp-lightbox-container\"><img data-opt-id=1785159711  fetchpriority=\"high\" decoding=\"async\" width=\"684\" height=\"968\" data-wp-class--hide=\"state.isContentHidden\" data-wp-class--show=\"state.isContentVisible\" data-wp-init=\"callbacks.setButtonStyles\" data-wp-on--click=\"actions.showLightbox\" data-wp-on--load=\"callbacks.setButtonStyles\" data-wp-on-window--resize=\"callbacks.setButtonStyles\" src=\"https:\/\/mluknvwbnyjc.i.optimole.com\/w:auto\/h:auto\/q:mauto\/f:best\/https:\/\/laserfouette.fr\/wp-content\/uploads\/2026\/03\/portrait-serfouette.png\" alt=\"\" class=\"wp-image-1890\" style=\"border-top-left-radius:45px;border-top-right-radius:45px;border-bottom-left-radius:45px;border-bottom-right-radius:45px;aspect-ratio:0.6973120042379843;width:238px;height:auto\" srcset=\"https:\/\/mluknvwbnyjc.i.optimole.com\/w:684\/h:968\/q:mauto\/f:best\/https:\/\/laserfouette.fr\/wp-content\/uploads\/2026\/03\/portrait-serfouette.png 684w, https:\/\/mluknvwbnyjc.i.optimole.com\/w:212\/h:300\/q:mauto\/f:best\/https:\/\/laserfouette.fr\/wp-content\/uploads\/2026\/03\/portrait-serfouette.png 212w\" sizes=\"(max-width: 684px) 100vw, 684px\" \/><button\n\t\t\tclass=\"lightbox-trigger\"\n\t\t\ttype=\"button\"\n\t\t\taria-haspopup=\"dialog\"\n\t\t\taria-label=\"Agrandir\"\n\t\t\tdata-wp-init=\"callbacks.initTriggerButton\"\n\t\t\tdata-wp-on--click=\"actions.showLightbox\"\n\t\t\tdata-wp-style--right=\"state.imageButtonRight\"\n\t\t\tdata-wp-style--top=\"state.imageButtonTop\"\n\t\t>\n\t\t\t<svg xmlns=\"http:\/\/www.w3.org\/2000\/svg\" width=\"12\" height=\"12\" fill=\"none\" viewBox=\"0 0 12 12\">\n\t\t\t\t<path fill=\"#fff\" d=\"M2 0a2 2 0 0 0-2 2v2h1.5V2a.5.5 0 0 1 .5-.5h2V0H2Zm2 10.5H2a.5.5 0 0 1-.5-.5V8H0v2a2 2 0 0 0 2 2h2v-1.5ZM8 12v-1.5h2a.5.5 0 0 0 .5-.5V8H12v2a2 2 0 0 1-2 2H8Zm2-12a2 2 0 0 1 2 2v2h-1.5V2a.5.5 0 0 0-.5-.5H8V0h2Z\" \/>\n\t\t\t<\/svg>\n\t\t<\/button><\/figure>\n<\/div>\n\n\n\n<div class=\"wp-block-column is-layout-flow wp-block-column-is-layout-flow\">\n<hr class=\"wp-block-separator has-alpha-channel-opacity is-style-wide\"\/>\n\n\n\n<p>Dans ma formation initiale, il y a de l&rsquo;animation socioculturelle, des sciences sociales et de la gestion de projets \u00e9ducatifs. <\/p>\n\n\n\n<p>Mes racines profondes se trouvent dans l&rsquo;animation et l&rsquo;\u00e9ducation populaire. Je me suis ensuite form\u00e9e sur les questions de justice sociale, de conflits, de coop\u00e9ration. <\/p>\n\n\n\n<p>J&rsquo;aime questionner, creuser, d\u00e9caler. <\/p>\n<\/div>\n<\/div>\n\n\n\n<p>J&rsquo;adapte ma posture aux besoins du groupe : formatrice, facilitatrice, accompagnatrice, il faut de tout pour avancer ! <\/p>\n<\/div>\n\n\n\n<div style=\"height:100px\" aria-hidden=\"true\" class=\"wp-block-spacer\"><\/div>\n\n\n\n<div class=\"wp-block-cover\" style=\"border-top-left-radius:45px;border-top-right-radius:45px;border-bottom-left-radius:45px;border-bottom-right-radius:45px;min-height:293px;aspect-ratio:unset;\"><img data-opt-id=320194643  data-opt-src=\"https:\/\/mluknvwbnyjc.i.optimole.com\/w:auto\/h:auto\/q:mauto\/f:best\/https:\/\/laserfouette.fr\/wp-content\/uploads\/2026\/01\/IMG_20240907_144831.jpg\"  decoding=\"async\" width=\"726\" height=\"968\" class=\"wp-block-cover__image-background wp-image-1612 size-full\" alt=\"\" src=\"data:image/svg+xml,%3Csvg%20viewBox%3D%220%200%20100%%20100%%22%20width%3D%22100%%22%20height%3D%22100%%22%20xmlns%3D%22http%3A%2F%2Fwww.w3.org%2F2000%2Fsvg%22%3E%3Crect%20width%3D%22100%%22%20height%3D%22100%%22%20fill%3D%22transparent%22%2F%3E%3C%2Fsvg%3E\" style=\"object-position:49% 42%\" data-object-fit=\"cover\" data-object-position=\"49% 42%\" old-srcset=\"https:\/\/mluknvwbnyjc.i.optimole.com\/w:726\/h:968\/q:mauto\/f:best\/https:\/\/laserfouette.fr\/wp-content\/uploads\/2026\/01\/IMG_20240907_144831.jpg 726w, https:\/\/mluknvwbnyjc.i.optimole.com\/w:225\/h:300\/q:mauto\/f:best\/https:\/\/laserfouette.fr\/wp-content\/uploads\/2026\/01\/IMG_20240907_144831.jpg 225w\" \/><span aria-hidden=\"true\" class=\"wp-block-cover__background has-background-dim wp-block-cover__gradient-background has-background-gradient\" style=\"background:linear-gradient(135deg,rgb(6,147,227) 0%,rgb(231,221,19) 33%,rgb(155,81,224) 100%)\"><\/span><div class=\"wp-block-cover__inner-container is-layout-constrained wp-block-cover-is-layout-constrained\">\n<div class=\"wp-block-group is-nowrap is-layout-flex wp-container-core-group-is-layout-6c531013 wp-block-group-is-layout-flex\">\n<h2 class=\"wp-block-heading\"><strong>C&rsquo;est aussi d&rsquo;autres personnes !<\/strong><\/h2>\n<\/div>\n\n\n\n<p><strong>Plusieurs autres professionnel\u22c5les apportent leurs comp\u00e9tences compl\u00e9mentaires aux miennes<\/strong>. <strong>Les interventions sont la plupart du temps co-anim\u00e9es avec un\u22c5e alli\u00e9\u22c5e.<\/strong> <\/p>\n<\/div><\/div>\n<\/div>\n<\/div>\n\n\n\n<details class=\"wp-block-details has-ti-bg-alt-background-color has-background is-layout-flow wp-block-details-is-layout-flow\"><summary>\u00ab\u00a0La Serfouette\u00a0\u00bb, pourquoi ce nom ?<\/summary>\n<p style=\"border-top-left-radius:45px;border-top-right-radius:45px;border-bottom-left-radius:45px;border-bottom-right-radius:45px\">\u00ab\u00a0Si tu ne dois avoir qu&rsquo;un seul outil de jardin, choisit la serfouette !\u00a0\u00bb J&rsquo;adore cet objet pour son c\u00f4t\u00e9 polyvalent et simple d&rsquo;utilisation. Un peu comme une formation ou un atelier, il permet de cultiver de mani\u00e8re simple et efficace. <\/p>\n\n\n\n<figure data-wp-context=\"{&quot;imageId&quot;:&quot;69f39be530fbc&quot;}\" data-wp-interactive=\"core\/image\" data-wp-key=\"69f39be530fbc\" class=\"wp-block-image aligncenter size-full is-resized has-custom-border wp-duotone-unset-2 wp-lightbox-container\"><img data-opt-id=777145287  data-opt-src=\"https:\/\/mluknvwbnyjc.i.optimole.com\/w:auto\/h:auto\/q:mauto\/f:best\/https:\/\/laserfouette.fr\/wp-content\/uploads\/2026\/04\/3OPKEDXQKVBVDAIHODYZVVBCFA.jpg\"  decoding=\"async\" width=\"932\" height=\"582\" data-wp-class--hide=\"state.isContentHidden\" data-wp-class--show=\"state.isContentVisible\" data-wp-init=\"callbacks.setButtonStyles\" data-wp-on--click=\"actions.showLightbox\" data-wp-on--load=\"callbacks.setButtonStyles\" data-wp-on-window--resize=\"callbacks.setButtonStyles\" src=\"data:image/svg+xml,%3Csvg%20viewBox%3D%220%200%20100%%20100%%22%20width%3D%22100%%22%20height%3D%22100%%22%20xmlns%3D%22http%3A%2F%2Fwww.w3.org%2F2000%2Fsvg%22%3E%3Crect%20width%3D%22100%%22%20height%3D%22100%%22%20fill%3D%22transparent%22%2F%3E%3C%2Fsvg%3E\" alt=\"\" class=\"wp-image-1910\" style=\"border-top-left-radius:40px;border-top-right-radius:40px;border-bottom-left-radius:40px;border-bottom-right-radius:40px;aspect-ratio:1.6013887169922945;width:358px;height:auto\" old-srcset=\"https:\/\/mluknvwbnyjc.i.optimole.com\/w:932\/h:582\/q:mauto\/f:best\/https:\/\/laserfouette.fr\/wp-content\/uploads\/2026\/04\/3OPKEDXQKVBVDAIHODYZVVBCFA.jpg 932w, https:\/\/mluknvwbnyjc.i.optimole.com\/w:300\/h:187\/q:mauto\/f:best\/https:\/\/laserfouette.fr\/wp-content\/uploads\/2026\/04\/3OPKEDXQKVBVDAIHODYZVVBCFA.jpg 300w, https:\/\/mluknvwbnyjc.i.optimole.com\/w:768\/h:480\/q:mauto\/f:best\/https:\/\/laserfouette.fr\/wp-content\/uploads\/2026\/04\/3OPKEDXQKVBVDAIHODYZVVBCFA.jpg 768w\" \/><button\n\t\t\tclass=\"lightbox-trigger\"\n\t\t\ttype=\"button\"\n\t\t\taria-haspopup=\"dialog\"\n\t\t\taria-label=\"Agrandir\"\n\t\t\tdata-wp-init=\"callbacks.initTriggerButton\"\n\t\t\tdata-wp-on--click=\"actions.showLightbox\"\n\t\t\tdata-wp-style--right=\"state.imageButtonRight\"\n\t\t\tdata-wp-style--top=\"state.imageButtonTop\"\n\t\t>\n\t\t\t<svg xmlns=\"http:\/\/www.w3.org\/2000\/svg\" width=\"12\" height=\"12\" fill=\"none\" viewBox=\"0 0 12 12\">\n\t\t\t\t<path fill=\"#fff\" d=\"M2 0a2 2 0 0 0-2 2v2h1.5V2a.5.5 0 0 1 .5-.5h2V0H2Zm2 10.5H2a.5.5 0 0 1-.5-.5V8H0v2a2 2 0 0 0 2 2h2v-1.5ZM8 12v-1.5h2a.5.5 0 0 0 .5-.5V8H12v2a2 2 0 0 1-2 2H8Zm2-12a2 2 0 0 1 2 2v2h-1.5V2a.5.5 0 0 0-.5-.5H8V0h2Z\" \/>\n\t\t\t<\/svg>\n\t\t<\/button><\/figure>\n\n\n\n<div style=\"height:26px\" aria-hidden=\"true\" class=\"wp-block-spacer\"><\/div>\n<\/details>\n\n\n\n<div class=\"wp-block-group is-nowrap is-layout-flex wp-container-core-group-is-layout-6c531013 wp-block-group-is-layout-flex\">\n<h2 class=\"wp-block-heading\"><br><br><\/h2>\n<\/div>\n","protected":false},"excerpt":{"rendered":"<p>La Serfouette, c&rsquo;est qui ? C&rsquo;est quoi ? C&rsquo;est une activit\u00e9 de formation, et d&rsquo;accompagnement cr\u00e9\u00e9e par Apolline Roche. L&rsquo;aventure a d\u00e9marr\u00e9 en 2021 \u00e0 Strasbourg &#8211; sous le nom de Modulo Coop. Elle est aujourd&rsquo;hui bas\u00e9e dans l&rsquo;Orne, en Normandie. La Serfouette fait partie de Coopaname, une coop\u00e9rative d&rsquo;activit\u00e9 et d&#8217;emploi (CAE). \u00c7a signifie [&hellip;]<\/p>\n","protected":false},"author":1,"featured_media":699,"parent":0,"menu_order":0,"comment_status":"closed","ping_status":"closed","template":"","meta":{"footnotes":""},"class_list":["post-27","page","type-page","status-publish","has-post-thumbnail","hentry"],"_links":{"self":[{"href":"https:\/\/laserfouette.fr\/index.php\/wp-json\/wp\/v2\/pages\/27","targetHints":{"allow":["GET"]}}],"collection":[{"href":"https:\/\/laserfouette.fr\/index.php\/wp-json\/wp\/v2\/pages"}],"about":[{"href":"https:\/\/laserfouette.fr\/index.php\/wp-json\/wp\/v2\/types\/page"}],"author":[{"embeddable":true,"href":"https:\/\/laserfouette.fr\/index.php\/wp-json\/wp\/v2\/users\/1"}],"replies":[{"embeddable":true,"href":"https:\/\/laserfouette.fr\/index.php\/wp-json\/wp\/v2\/comments?post=27"}],"version-history":[{"count":15,"href":"https:\/\/laserfouette.fr\/index.php\/wp-json\/wp\/v2\/pages\/27\/revisions"}],"predecessor-version":[{"id":1911,"href":"https:\/\/laserfouette.fr\/index.php\/wp-json\/wp\/v2\/pages\/27\/revisions\/1911"}],"wp:featuredmedia":[{"embeddable":true,"href":"https:\/\/laserfouette.fr\/index.php\/wp-json\/wp\/v2\/media\/699"}],"wp:attachment":[{"href":"https:\/\/laserfouette.fr\/index.php\/wp-json\/wp\/v2\/media?parent=27"}],"curies":[{"name":"wp","href":"https:\/\/api.w.org\/{rel}","templated":true}]}}