{"id":223,"date":"2021-04-09T15:01:33","date_gmt":"2021-04-09T13:01:33","guid":{"rendered":"http:\/\/modulocoop.fr\/?page_id=223"},"modified":"2026-04-13T13:55:05","modified_gmt":"2026-04-13T11:55:05","slug":"ressources-outils-animation-cooperation","status":"publish","type":"page","link":"https:\/\/laserfouette.fr\/index.php\/ressources-outils-animation-cooperation\/","title":{"rendered":"Cabane \u00e0 outils"},"content":{"rendered":"\n<div class=\"wp-block-cover\" style=\"border-top-left-radius:45px;border-top-right-radius:45px;border-bottom-left-radius:45px;border-bottom-right-radius:45px;min-height:186px;aspect-ratio:unset;\"><img data-opt-id=1276798038  fetchpriority=\"high\" decoding=\"async\" width=\"1024\" height=\"768\" class=\"wp-block-cover__image-background wp-image-1649 size-large\" alt=\"\" src=\"https:\/\/mluknvwbnyjc.i.optimole.com\/w:1024\/h:768\/q:mauto\/f:best\/https:\/\/laserfouette.fr\/wp-content\/uploads\/2026\/01\/JUHSE2386.jpg\" style=\"object-position:50% 40%\" data-object-fit=\"cover\" data-object-position=\"50% 40%\" srcset=\"https:\/\/mluknvwbnyjc.i.optimole.com\/w:1024\/h:768\/q:mauto\/f:best\/https:\/\/laserfouette.fr\/wp-content\/uploads\/2026\/01\/JUHSE2386.jpg 1024w, https:\/\/mluknvwbnyjc.i.optimole.com\/w:300\/h:225\/q:mauto\/f:best\/https:\/\/laserfouette.fr\/wp-content\/uploads\/2026\/01\/JUHSE2386.jpg 300w, https:\/\/mluknvwbnyjc.i.optimole.com\/w:768\/h:576\/q:mauto\/f:best\/https:\/\/laserfouette.fr\/wp-content\/uploads\/2026\/01\/JUHSE2386.jpg 768w, https:\/\/mluknvwbnyjc.i.optimole.com\/w:1536\/h:1152\/q:mauto\/f:best\/https:\/\/laserfouette.fr\/wp-content\/uploads\/2026\/01\/JUHSE2386.jpg 1536w, https:\/\/mluknvwbnyjc.i.optimole.com\/w:1920\/h:1440\/q:mauto\/f:best\/https:\/\/laserfouette.fr\/wp-content\/uploads\/2026\/01\/JUHSE2386.jpg 2000w\" sizes=\"(max-width: 1000px) 100vw, 1000px\" \/><span aria-hidden=\"true\" class=\"wp-block-cover__background has-background-dim wp-block-cover__gradient-background has-background-gradient has-luminous-dusk-gradient-background\"><\/span><div class=\"wp-block-cover__inner-container is-layout-constrained wp-block-cover-is-layout-constrained\">\n<p class=\"has-text-align-center has-large-font-size\">Outils d&rsquo;animation<\/p>\n<\/div><\/div>\n\n\n\n<h2 class=\"wp-block-heading\">Se pr\u00e9senter <\/h2>\n\n\n\n<details class=\"wp-block-details is-layout-flow wp-block-details-is-layout-flow\"><summary>Antisava<\/summary>\n<p>Un ensemble de question qu&rsquo;on ne pense pas \u00e0 poser, et qui permet d&rsquo;aller au del\u00e0 du simple \u00ab\u00a0\u00e7a va ?\u00a0\u00bb. <\/p>\n\n\n\n<p>Il y a une version en ligne <strong>(sur antisava.fr) <\/strong>et un jeu de carte physique, \u00e0 utiliser sans mod\u00e9ration !<\/p>\n<\/details>\n\n\n\n<details class=\"wp-block-details is-layout-flow wp-block-details-is-layout-flow\"><summary>Pr\u00e9sentations crois\u00e9es<\/summary>\n<p>Et si vous \u00e9vitiez le traditionnel et angoissant tour de table pour se pr\u00e9senter ? Personne ne retient&nbsp; car chacun est occup\u00e9 \u00e0 penser \u00e0 ce qu\u2019il va dire une fois son tour arriv\u00e9.&nbsp;<\/p>\n\n\n\n<p>A la place, un principe tout simple :&nbsp;<\/p>\n\n\n\n<ul class=\"wp-block-list\">\n<li>se mettre en bin\u00f4me<\/li>\n\n\n\n<li>pendant 2 \u00e0 5 min, les personnes se pr\u00e9sentent l\u2019une \u00e0 l\u2019autre&nbsp;<\/li>\n\n\n\n<li>De retour en grand groupe, chacun pr\u00e9sente son bin\u00f4me avec ses propres mots&nbsp;<\/li>\n<\/ul>\n\n\n\n<p>\u00c7a met beaucoup plus \u00e0 l\u2019aise, entre personnes qui ne se connaissent pas et permet de cr\u00e9er d\u2019embl\u00e9e un lien avec une personne en particulier.&nbsp;<\/p>\n<\/details>\n\n\n\n<details class=\"wp-block-details is-layout-flow wp-block-details-is-layout-flow\"><summary>Pr\u00e9sentations en ligne ou en patates<\/summary>\n<p>\u00catre un grand groupe peut parfois d\u00e9courager de faire un vrai temps de pr\u00e9sentation. En voici un qui est possible jusqu&rsquo;\u00e0 une cinquantaine de personnes, et qui a en plus l&rsquo;avantage de mettre en mouvement !<\/p>\n\n\n\n<p>L&rsquo;id\u00e9e est d&rsquo;inviter les personnes \u00e0 se regrouper (en \u00ab\u00a0patates\u00a0\u00bb) ou bien \u00e0 se ranger (en ligne)<\/p>\n\n\n\n<p>En patates : par exemple par lieu d&rsquo;habitation (les personnes d&rsquo;une m\u00eame commune ou r\u00e9gion se regroupent)<\/p>\n\n\n\n<p>En ligne : par exemple, les personnes se rangent par lieu de naissance (du plus loin au plus proche), ou par heure de lev\u00e9e le matin m\u00eame (du plus t\u00f4t au plus tard)<\/p>\n\n\n\n<ul class=\"wp-block-list\">\n<li>Pendant une ou deux minutes, laisser les personnes \u00e9changer entre elles et trouver o\u00f9 elles peuvent se placer <\/li>\n\n\n\n<li>Puis mettre en commun <\/li>\n<\/ul>\n<\/details>\n\n\n\n<h2 class=\"wp-block-heading\">Participer &amp; prendre des d\u00e9cisions  <\/h2>\n\n\n\n<details class=\"wp-block-details is-layout-flow wp-block-details-is-layout-flow\"><summary>Le vote \u00e0 5 billes <\/summary>\n<p>Quand il s\u2019agit d\u2019\u00e9lire une option parmi de nombreuses, il n\u2019est parfois pas ais\u00e9, ni souhaitable que chaque participant en choisissent une seule.&nbsp;<\/p>\n\n\n\n<p>Comme alternative au vote \u00e0 main lev\u00e9, vous pouvez choisir de donner \u00e0 chaque participant 5 votes. Ceux-ci peuvent les r\u00e9partir comme ils veulent (mettre toutes les \u00ab&nbsp;billes&nbsp;\u00bb sur l\u2019option dont ils sont fans, ou bien en mettre 2 sur une et 3 sur l\u2019autre etc.).&nbsp;<\/p>\n\n\n\n<p>Cela rend visible l\u2019option choisie majoritairement, mais aussi toutes celles qui ont obtenues des pr\u00e9f\u00e9rences, ou pas du tout.&nbsp;<\/p>\n\n\n\n<p>Les billes peuvent \u00eatre mat\u00e9rialis\u00e9es par des b\u00e2tons aux marqueur, des gommettes, des pois chiches \u2026 ce que vous voulez en fait !&nbsp;<\/p>\n<\/details>\n\n\n\n<details class=\"wp-block-details is-layout-flow wp-block-details-is-layout-flow\"><summary>L&rsquo;Abaque de R\u00e9gnier  <\/summary>\n<p>Il s\u2019agit d\u2019un nuancier qui comprend des cartons allant du vert au rouge (en passant par le bleu, le orange etc.), que l\u2019on distribue \u00e0 chaque participant.&nbsp;<\/p>\n\n\n\n<p>Il peut servir de support pour prendre la temp\u00e9rature, entamer la discussion sur le ressenti de chacun, ou encore pour prendre une d\u00e9cision.&nbsp;<\/p>\n\n\n\n<p>Selon les crit\u00e8res que vous vous fixez au pr\u00e9alable, vous pouvez acter une d\u00e9cision une fois que tous les participants sont \u00ab&nbsp;au vert&nbsp;\u00bb, ou bien quand plus personne n\u2019est \u00ab&nbsp;dans le rouge&nbsp;\u00bb.&nbsp;<\/p>\n<\/details>\n\n\n\n<h2 class=\"wp-block-heading\">S&rsquo;exprimer &amp; prendre du recul<\/h2>\n\n\n\n<details class=\"wp-block-details is-layout-flow wp-block-details-is-layout-flow\"><summary>Le photololangage<\/summary>\n<p>L\u2019id\u00e9e est&nbsp; de faciliter la parole par l\u2019image.<\/p>\n\n\n\n<p>Il suffit de disposer sur une table plusieurs images (au moins une vingtaine, plus il y en a, plus c\u2019est int\u00e9ressant).&nbsp;<\/p>\n\n\n\n<p>Selon l\u2019intention de l\u2019activit\u00e9, on peut poser par exemple la question suivante :<\/p>\n\n\n\n<p>\u00ab&nbsp;Quelle image repr\u00e9sente mon \u00e9tat d\u2019esprit actuel ?&nbsp;\u00bb<\/p>\n\n\n\n<p>Les participants sont invit\u00e9s \u00e0 observer les images, en \u00e0 choisir une en r\u00e9ponse \u00e0 la question et dire pourquoi.&nbsp;<\/p>\n\n\n\n<p>Pour confectionner un photolangage, tu peux imprimer des images libres de droit, ou encore utiliser le jeu <em>Dixit.&nbsp;<\/em><\/p>\n<\/details>\n\n\n\n<details class=\"wp-block-details is-layout-flow wp-block-details-is-layout-flow\"><summary>L&rsquo;arbre des Blobs<\/summary>\n<p>Ce n\u2019est jamais \u00e9vident d\u2019aborder la question des \u00e9motions et du ressenti dans un groupe.&nbsp;<\/p>\n\n\n\n<p>Cet outils super adaptable peut permettre de faciliter l\u2019expression de chacun.&nbsp;<\/p>\n\n\n\n<p>L\u2019arbre des Blobs (ou \u00ab&nbsp;blob tree&nbsp;\u00bb dans sa version originale) est un dessin repr\u00e9sentant une vingtaine de bonshommes, chacun dans une position diff\u00e9rente par rapport \u00e0 l\u2019arbre sur lequel ils sont.&nbsp;<\/p>\n\n\n\n<p>Les utilisations de ce support sont multiples : On peut s\u2019en servir lors d\u2019un point d\u2019\u00e9tape ou encore d\u2019une relecture en posant par exemple la question suivante :<\/p>\n\n\n\n<p>\u00ab&nbsp;A quel personnage je m\u2019identifie actuellement&nbsp;\u00bb \u00ab&nbsp;pourquoi ?&nbsp;\u00bb&nbsp;&nbsp;<\/p>\n\n\n\n<p>ou bien&nbsp;<\/p>\n\n\n\n<p>\u00ab&nbsp;Dans quelle position je me trouvais au d\u00e9but du projet, et maintenant ?&nbsp;\u00bb&nbsp;&nbsp;<\/p>\n<\/details>\n\n\n\n<details class=\"wp-block-details is-layout-flow wp-block-details-is-layout-flow\"><summary>Le Ventre-T\u00eate-Main (VTM)<\/summary>\n<p>Cet outil invite \u00e0 faire un pas de c\u00f4t\u00e9 pour aller regarder ce qui se passe \u00e0 l&rsquo;int\u00e9rieur de soi, et \u00e0 le verbaliser. <\/p>\n\n\n\n<ul class=\"wp-block-list\">\n<li>Ventre : qu&rsquo;est-ce que je ressens ? <\/li>\n\n\n\n<li>T\u00eate : Qu&rsquo;est-ce \u00e7a me fait r\u00e9fl\u00e9chir ? <\/li>\n\n\n\n<li>Main : Qu&rsquo;est-ce que \u00e7a me donne envie de faire<\/li>\n<\/ul>\n\n\n\n<p>Selon l&rsquo;intention et les enjeux, il peut \u00eatre propos\u00e9 seul, en bin\u00f4me ou en petit groupe. <\/p>\n<\/details>\n\n\n\n<h2 class=\"wp-block-heading\">R\u00e9partir les pouvoirs <\/h2>\n\n\n\n<details class=\"wp-block-details is-layout-flow wp-block-details-is-layout-flow\"><summary>Plong\u00e9e dans les r\u00f4les implicites<\/summary>\n<div class=\"wp-block-group is-nowrap is-layout-flex wp-container-core-group-is-layout-6c531013 wp-block-group-is-layout-flex\">\n<figure data-wp-context=\"{&quot;imageId&quot;:&quot;69f39c0bdb1f7&quot;}\" data-wp-interactive=\"core\/image\" data-wp-key=\"69f39c0bdb1f7\" class=\"wp-block-image size-large wp-lightbox-container\"><img data-opt-id=525306240  fetchpriority=\"high\" decoding=\"async\" width=\"1024\" height=\"768\" data-wp-class--hide=\"state.isContentHidden\" data-wp-class--show=\"state.isContentVisible\" data-wp-init=\"callbacks.setButtonStyles\" data-wp-on--click=\"actions.showLightbox\" data-wp-on--load=\"callbacks.setButtonStyles\" data-wp-on-window--resize=\"callbacks.setButtonStyles\" src=\"https:\/\/mluknvwbnyjc.i.optimole.com\/w:1024\/h:768\/q:mauto\/f:best\/https:\/\/laserfouette.fr\/wp-content\/uploads\/2022\/08\/Plongee-RS-scaled-1.jpg\" alt=\"10 r\u00f4les symbolis\u00e9 par des animaux marins\" class=\"wp-image-849\" srcset=\"https:\/\/mluknvwbnyjc.i.optimole.com\/w:1024\/h:768\/q:mauto\/f:best\/https:\/\/laserfouette.fr\/wp-content\/uploads\/2022\/08\/Plongee-RS-scaled-1.jpg 1024w, https:\/\/mluknvwbnyjc.i.optimole.com\/w:300\/h:225\/q:mauto\/f:best\/https:\/\/laserfouette.fr\/wp-content\/uploads\/2022\/08\/Plongee-RS-scaled-1.jpg 300w, https:\/\/mluknvwbnyjc.i.optimole.com\/w:768\/h:576\/q:mauto\/f:best\/https:\/\/laserfouette.fr\/wp-content\/uploads\/2022\/08\/Plongee-RS-scaled-1.jpg 768w, https:\/\/mluknvwbnyjc.i.optimole.com\/w:1536\/h:1152\/q:mauto\/f:best\/https:\/\/laserfouette.fr\/wp-content\/uploads\/2022\/08\/Plongee-RS-scaled-1.jpg 1536w, https:\/\/mluknvwbnyjc.i.optimole.com\/w:1920\/h:1440\/q:mauto\/f:best\/https:\/\/laserfouette.fr\/wp-content\/uploads\/2022\/08\/Plongee-RS-scaled-1.jpg 2048w\" sizes=\"(max-width: 1000px) 100vw, 1000px\" \/><button\n\t\t\tclass=\"lightbox-trigger\"\n\t\t\ttype=\"button\"\n\t\t\taria-haspopup=\"dialog\"\n\t\t\taria-label=\"Agrandir\"\n\t\t\tdata-wp-init=\"callbacks.initTriggerButton\"\n\t\t\tdata-wp-on--click=\"actions.showLightbox\"\n\t\t\tdata-wp-style--right=\"state.imageButtonRight\"\n\t\t\tdata-wp-style--top=\"state.imageButtonTop\"\n\t\t>\n\t\t\t<svg xmlns=\"http:\/\/www.w3.org\/2000\/svg\" width=\"12\" height=\"12\" fill=\"none\" viewBox=\"0 0 12 12\">\n\t\t\t\t<path fill=\"#fff\" d=\"M2 0a2 2 0 0 0-2 2v2h1.5V2a.5.5 0 0 1 .5-.5h2V0H2Zm2 10.5H2a.5.5 0 0 1-.5-.5V8H0v2a2 2 0 0 0 2 2h2v-1.5ZM8 12v-1.5h2a.5.5 0 0 0 .5-.5V8H12v2a2 2 0 0 1-2 2H8Zm2-12a2 2 0 0 1 2 2v2h-1.5V2a.5.5 0 0 0-.5-.5H8V0h2Z\" \/>\n\t\t\t<\/svg>\n\t\t<\/button><\/figure>\n\n\n\n<p>Un support con\u00e7u pour aborder la question des r\u00f4les que l&rsquo;on prend dans un groupe. Pour en savoir plus, rends-toi sur <a href=\"https:\/\/laserfouette.fr\/index.php\/ressources-outils-animation-cooperation\/animation-collectif-roles-implicites\/\" data-type=\"page\" data-id=\"857\">cette page<\/a>. <\/p>\n<\/div>\n<\/details>\n\n\n\n<details class=\"wp-block-details is-layout-flow wp-block-details-is-layout-flow\"><summary>\u00ab\u00a0Se d\u00e9barrasser des chef\u22c5fes\u00a0\u00bb<\/summary>\n<p>Le pouvoir, \u00e7a ne se r\u00e9sume \u00e0 \u00ab\u00a0qui d\u00e9cide\u00a0\u00bb. Il y a plein d&rsquo;autres formes de pouvoir, et c&rsquo;est ce que propose de repr\u00e9senter cette outil. <a href=\"https:\/\/collectif-lavolte.org\/wp-content\/uploads\/2021\/12\/lesChefFesCommentSenDebarrasser.pdf\">Ce tableau<\/a> (\u00e0 l&rsquo;origine pr\u00e9sent\u00e9 dans le cahier du Pav\u00e9 sur la Participation) permet de mieux visualiser ce qui peut \u00eatre mis en place pour r\u00e9partir r\u00e9ellement les pouvoirs. <\/p>\n\n\n\n<p>Un groupe peut s&rsquo;en saisir en tentant remplir les diff\u00e9rentes cases.  <\/p>\n<\/details>\n\n\n\n<div class=\"wp-block-cover\" style=\"border-top-left-radius:45px;border-top-right-radius:45px;border-bottom-left-radius:45px;border-bottom-right-radius:45px;min-height:195px;aspect-ratio:unset;\"><img data-opt-id=2072508233  data-opt-src=\"https:\/\/mluknvwbnyjc.i.optimole.com\/w:1024\/h:768\/q:mauto\/f:best\/https:\/\/laserfouette.fr\/wp-content\/uploads\/2026\/01\/IMG_20250410_151436-scaled-e1770113625397.jpg\"  decoding=\"async\" width=\"1024\" height=\"768\" class=\"wp-block-cover__image-background wp-image-1603 size-large\" alt=\"\" src=\"data:image/svg+xml,%3Csvg%20viewBox%3D%220%200%201024%20768%22%20width%3D%221024%22%20height%3D%22768%22%20xmlns%3D%22http%3A%2F%2Fwww.w3.org%2F2000%2Fsvg%22%3E%3Crect%20width%3D%221024%22%20height%3D%22768%22%20fill%3D%22transparent%22%2F%3E%3C%2Fsvg%3E\" data-object-fit=\"cover\" old-srcset=\"https:\/\/mluknvwbnyjc.i.optimole.com\/w:1024\/h:768\/q:mauto\/f:best\/https:\/\/laserfouette.fr\/wp-content\/uploads\/2026\/01\/IMG_20250410_151436-scaled-e1770113625397.jpg 1024w, https:\/\/mluknvwbnyjc.i.optimole.com\/w:300\/h:225\/q:mauto\/f:best\/https:\/\/laserfouette.fr\/wp-content\/uploads\/2026\/01\/IMG_20250410_151436-scaled-e1770113625397.jpg 300w, https:\/\/mluknvwbnyjc.i.optimole.com\/w:768\/h:576\/q:mauto\/f:best\/https:\/\/laserfouette.fr\/wp-content\/uploads\/2026\/01\/IMG_20250410_151436-scaled-e1770113625397.jpg 768w, https:\/\/mluknvwbnyjc.i.optimole.com\/w:1536\/h:1152\/q:mauto\/f:best\/https:\/\/laserfouette.fr\/wp-content\/uploads\/2026\/01\/IMG_20250410_151436-scaled-e1770113625397.jpg 1536w, https:\/\/mluknvwbnyjc.i.optimole.com\/w:1920\/h:1440\/q:mauto\/f:best\/https:\/\/laserfouette.fr\/wp-content\/uploads\/2026\/01\/IMG_20250410_151436-scaled-e1770113625397.jpg 2048w\" \/><span aria-hidden=\"true\" class=\"wp-block-cover__background has-background-dim wp-block-cover__gradient-background has-background-gradient has-luminous-dusk-gradient-background\"><\/span><div class=\"wp-block-cover__inner-container is-layout-constrained wp-block-cover-is-layout-constrained\">\n<p class=\"has-text-align-center has-large-font-size\">Docs &amp; inspirations<\/p>\n<\/div><\/div>\n\n\n\n<div class=\"wp-block-columns is-layout-flex wp-container-core-columns-is-layout-28f84493 wp-block-columns-is-layout-flex\">\n<div class=\"wp-block-column is-layout-flow wp-block-column-is-layout-flow\" style=\"flex-basis:100%\">\n<h2 class=\"wp-block-heading\">Livres<\/h2>\n\n\n\n<div class=\"wp-block-columns is-layout-flex wp-container-core-columns-is-layout-28f84493 wp-block-columns-is-layout-flex\">\n<div class=\"wp-block-column is-layout-flow wp-block-column-is-layout-flow\">\n<details class=\"wp-block-details is-layout-flow wp-block-details-is-layout-flow\"><summary>Te plains pas, c&rsquo;est pas l&rsquo;usine<\/summary>\n<p>Si tu travailles dans une association, je recommande fortement la lecture de ce livre, court et percutant. Il vient mettre des mots et du sens politique&nbsp;sur les difficult\u00e9s que traverse le monde associatif (<strong>marchandisation, d\u00e9pendances aux appels \u00e0 projet, pr\u00e9carit\u00e9 des contrats etc<\/strong>.). \u00c7a bouscule, \u00e7a pique, mais au final \u00e7a fait du bien&nbsp;! On doit ce travail \u00e0 Lily Zalzett &amp; Stella Fihn, du&nbsp;<a href=\"https:\/\/syndicat-asso.fr\/decouvrez-le-nouveau-guide-dautodefense-a-lusage-des-salarie-es-des-tres-petites-associations\/\" target=\"_blank\" rel=\"noreferrer noopener\">syndicat ASSO<\/a>.&nbsp;<\/p>\n<\/details>\n\n\n\n<details class=\"wp-block-details is-layout-flow wp-block-details-is-layout-flow\"><summary>C&rsquo;est pour la bonne cause !<\/summary>\n<p>Sous-titre : Les d\u00e9sillusions du travail associatif&nbsp;<\/p>\n\n\n\n<p>Auteur : Simon Cottin-Marx&nbsp;<\/p>\n\n\n\n<p>Ce petit livre met un \u00e9clairage sociologique sur la question du travail engag\u00e9, et \u00e7a fait du bien !&nbsp;<\/p>\n<\/details>\n\n\n\n<details class=\"wp-block-details is-layout-flow wp-block-details-is-layout-flow\"><summary>Organisons-nous<\/summary>\n<p>Dans ce livre, Adeline de L\u00e9pinay revient aux racines de l\u2019organisation collective en explorant de mani\u00e8re critique \u00e9ducation populaire, <em>community organizing<\/em> ou encore anarchisme. Tout cela, m\u00eal\u00e9 \u00e0 l\u2019exp\u00e9rience de l\u2019autrice, donne \u00e0 r\u00e9fl\u00e9chir, et au final permet d\u2019y voir plus clair dans les enjeux politiques des collectifs.&nbsp;<\/p>\n<\/details>\n<\/div>\n\n\n\n<div class=\"wp-block-column is-layout-flow wp-block-column-is-layout-flow\">\n<details class=\"wp-block-details is-layout-flow wp-block-details-is-layout-flow\"><summary>Joie Militante<\/summary>\n<p><strong><a href=\"https:\/\/www.editionsducommun.org\/products\/joie-militante-carla-bergman-nick-montgomery-traduction-juliette-rousseau\" target=\"_blank\" rel=\"noreferrer noopener\">Un livre<\/a><\/strong>de carla bergman et Nick Montgomery, qui explore et revendique la place de la joie dans les luttes : \u00e7a parle de philosophie, de militantisme, de d\u00e9sob\u00e9issance\u2026 et du rire dans tout \u00e7a.&nbsp;<\/p>\n\n\n\n<p>Pour les non-lecteuri\u00b7ice, le sujet des \u00ab&nbsp;conversations joyeuses&nbsp;\u00bb est abord\u00e9 par Juliette Rousseau \u2013 la traductrice du livre \u2013&nbsp;dans le podcast&nbsp;<em><strong>Fracas<\/strong>,&nbsp;<\/em>\u00e0 retrouver <strong><a href=\"https:\/\/www.nova.fr\/podcasts\/fracas\/\" target=\"_blank\" rel=\"noreferrer noopener\">ici.<\/a><\/strong><\/p>\n<\/details>\n\n\n\n<details class=\"wp-block-details is-layout-flow wp-block-details-is-layout-flow\"><summary>Burn Out militant <\/summary>\n<p><\/p>\n<\/details>\n\n\n\n<details class=\"wp-block-details is-layout-flow wp-block-details-is-layout-flow\"><summary>Les cahiers du Pav\u00e9<\/summary>\n<p>Il y en a 3 num\u00e9ros : #1 Le projet, #2 La participation, #3 R\u00e9cits de vie. &nbsp;Ces ouvrages d\u2019\u00e9ducation populaire m\u00ealent science sociale, r\u00e9cits d\u2019exp\u00e9riences, d\u00e9bat critiques, ressources etc.&nbsp;<\/p>\n\n\n\n<p>Ils ne sont malheureusement plus \u00e9dit\u00e9s en version papier, mais sont t\u00e9l\u00e9chargeable gratuitement en PDF&nbsp;<a href=\"https:\/\/www.editionsducommun.org\/collections\/all\/products\/cahier-du-pave-n-1-le-projet\" target=\"_blank\" rel=\"noreferrer noopener\">ici<\/a>.<\/p>\n<\/details>\n<\/div>\n<\/div>\n<\/div>\n<\/div>\n\n\n\n<h2 class=\"wp-block-heading\">Articles<\/h2>\n\n\n\n<details class=\"wp-block-details is-layout-flow wp-block-details-is-layout-flow\"><summary>Participation : effet de mode ou r\u00e9volution ?<\/summary>\n<p>C\u2019est un num\u00e9ro de la revue \u00ab&nbsp;Projet&nbsp;\u00bb (n\u00b0363, avril 2018). Il pr\u00e9sente un tas d\u2019\u00e9clairages critiques sur la participation, et les questions de pouvoir que cela sous-tend. \u00c0 retrouver <strong><a href=\"https:\/\/www.revue-projet.com\/dossier_revue\/participation-effet-de-mode-ou-revolution\/\">ici<\/a> <\/strong>!<\/p>\n<\/details>\n\n\n\n<details class=\"wp-block-details is-layout-flow wp-block-details-is-layout-flow\"><summary>La tyrannie de l&rsquo;horizontalit\u00e9<\/summary>\n<p>Article de Jo Freeman, militante f\u00e9ministe.&nbsp;<\/p>\n\n\n\n<p>Traduction en fran\u00e7ais par \u00ab\u00a0Organisez-vous\u00a0\u00bb, qu\u2019on peut retrouver <strong><a href=\"https:\/\/organisez-vous.org\/tyrannie-horizontalite-jo-freeman\/\">ici<\/a><\/strong>.\u00a0<\/p>\n\n\n\n<p>Un texte passionnant qui d\u00e9construit la notion d\u2019horizontalit\u00e9 dans les groupes militants. Il propose des pistes pour partager les pouvoirs de mani\u00e8re effective.&nbsp;<\/p>\n<\/details>\n\n\n\n<h2 class=\"wp-block-heading\">Vid\u00e9os &amp; podcasts <\/h2>\n\n\n\n<details class=\"wp-block-details is-layout-flow wp-block-details-is-layout-flow\"><summary>Comment mesure l&rsquo;intelligence collective ?<\/summary>\n<p>Une&nbsp;<a href=\"https:\/\/www.youtube.com\/watch?v=xqqzMjfFa10&amp;list=PLEmcj_RLFE7EeFxE8qeWDzh5NnXjuP7wW&amp;index=33\" target=\"_blank\" rel=\"noreferrer noopener\">vid\u00e9o de vulgarisation<\/a>&nbsp;qui reprend et illustre plusieurs \u00e9tudes scientifiques r\u00e9alis\u00e9es autour de l\u2019intelligence collective : cela donne \u00e0 r\u00e9fl\u00e9chir sur les biais qui interviennent lorsqu\u2019on d\u00e9bat ou travaille en \u00e9quipe, (spoiler : il y a un biais sexiste) \u2026 et c\u2019est passionnant !<\/p>\n\n\n\n<p>On doit ce travail \u00e0 Medhi Moussa\u00efd, de la cha\u00eene Fouloscopie (plein d\u2019autres vid\u00e9os tr\u00e8s bien faites) pour le Vortex d\u2019Arte<\/p>\n<\/details>\n\n\n\n<details class=\"wp-block-details is-layout-flow wp-block-details-is-layout-flow\"><summary>Le conflit, on le g\u00e8re ou on l&rsquo;anime ?<\/summary>\n<p>Une super vid\u00e9o de la SCOP d\u2019\u00e9ducation populaire&nbsp;<a href=\"http:\/\/www.cooperative-labraise.fr\" target=\"_blank\" rel=\"noreferrer noopener\">la Braise<\/a>, qui nous parle du conflit : Ce qu\u2019il sous-tend et comment on peut l\u2019animer pour vivre la d\u00e9mocratie.&nbsp;<\/p>\n\n\n\n<p>\u00c0 regarder&nbsp;<a href=\"http:\/\/www.cooperative-labraise.fr\/project\/videos-pedagogiques\/\" target=\"_blank\" rel=\"noreferrer noopener\">ici<\/a>&nbsp;!<\/p>\n<\/details>\n\n\n\n<details class=\"wp-block-details is-layout-flow wp-block-details-is-layout-flow\"><summary>Qui a tu\u00e9 le militant ? <\/summary>\n<p>C&rsquo;est une conf\u00e9rence gesticul\u00e9e de Victor Kopp. Il nous parle de son exp\u00e9rience de coordinateur dans une association, de l&rsquo;historique des associations en France, d&rsquo;\u00e9puisement etc. <\/p>\n\n\n\n<p>Elle est \u00e0 regarder <a href=\"https:\/\/www.youtube.com\/watch?v=cMA8daHkS90&amp;t=2s\">ici<\/a>. <\/p>\n<\/details>\n\n\n\n<details class=\"wp-block-details is-layout-flow wp-block-details-is-layout-flow\"><summary>Faut-il souffrir pour faire le bien ? <\/summary>\n<p>Cet \u00e9pisode du podcast \u00ab\u00a0\u00c9motions (au travail)\u00a0\u00bb posent la question du travail en association et dans l&rsquo;ESS. \u00c0 \u00e9couter <a href=\"https:\/\/shows.acast.com\/a36b5d2a-020f-478e-a88f-dd70bd93c620\/5ed484b7-7f05-4796-bd2c-ffe6427ac414\">ici<\/a>. <\/p>\n<\/details>\n\n\n\n<div class=\"wp-block-cover\" style=\"border-top-left-radius:45px;border-top-right-radius:45px;border-bottom-left-radius:45px;border-bottom-right-radius:45px;min-height:172px;aspect-ratio:unset;\"><img data-opt-id=722143652  data-opt-src=\"https:\/\/mluknvwbnyjc.i.optimole.com\/w:auto\/h:auto\/q:mauto\/f:best\/https:\/\/laserfouette.fr\/wp-content\/uploads\/2026\/01\/fullsizeoutput_c97-scaled-1.jpeg\"  decoding=\"async\" width=\"2560\" height=\"1743\" class=\"wp-block-cover__image-background wp-image-1641 size-full\" alt=\"\" src=\"data:image/svg+xml,%3Csvg%20viewBox%3D%220%200%20100%%20100%%22%20width%3D%22100%%22%20height%3D%22100%%22%20xmlns%3D%22http%3A%2F%2Fwww.w3.org%2F2000%2Fsvg%22%3E%3Crect%20width%3D%22100%%22%20height%3D%22100%%22%20fill%3D%22transparent%22%2F%3E%3C%2Fsvg%3E\" style=\"object-position:42% 73%\" data-object-fit=\"cover\" data-object-position=\"42% 73%\" old-srcset=\"https:\/\/mluknvwbnyjc.i.optimole.com\/w:1920\/h:1307\/q:mauto\/f:best\/https:\/\/laserfouette.fr\/wp-content\/uploads\/2026\/01\/fullsizeoutput_c97-scaled-1.jpeg 2560w, https:\/\/mluknvwbnyjc.i.optimole.com\/w:300\/h:204\/q:mauto\/f:best\/https:\/\/laserfouette.fr\/wp-content\/uploads\/2026\/01\/fullsizeoutput_c97-scaled-1.jpeg 300w, https:\/\/mluknvwbnyjc.i.optimole.com\/w:1024\/h:697\/q:mauto\/f:best\/https:\/\/laserfouette.fr\/wp-content\/uploads\/2026\/01\/fullsizeoutput_c97-scaled-1.jpeg 1024w, https:\/\/mluknvwbnyjc.i.optimole.com\/w:768\/h:523\/q:mauto\/f:best\/https:\/\/laserfouette.fr\/wp-content\/uploads\/2026\/01\/fullsizeoutput_c97-scaled-1.jpeg 768w, https:\/\/mluknvwbnyjc.i.optimole.com\/w:1536\/h:1046\/q:mauto\/f:best\/https:\/\/laserfouette.fr\/wp-content\/uploads\/2026\/01\/fullsizeoutput_c97-scaled-1.jpeg 1536w, https:\/\/mluknvwbnyjc.i.optimole.com\/w:1920\/h:1306\/q:mauto\/f:best\/https:\/\/laserfouette.fr\/wp-content\/uploads\/2026\/01\/fullsizeoutput_c97-scaled-1.jpeg 2048w\" \/><span aria-hidden=\"true\" class=\"wp-block-cover__background has-background-dim wp-block-cover__gradient-background has-background-gradient has-luminous-dusk-gradient-background\"><\/span><div class=\"wp-block-cover__inner-container is-layout-constrained wp-block-cover-is-layout-constrained\">\n<p class=\"has-text-align-center has-large-font-size\">Organisations &amp; leur site internet<\/p>\n<\/div><\/div>\n\n\n\n<details class=\"wp-block-details is-layout-flow wp-block-details-is-layout-flow\"><summary>350<\/summary>\n<p>&nbsp;<a href=\"https:\/\/fr.trainings.350.org\/topics\/actions\/\" target=\"_blank\" rel=\"noreferrer noopener\">La plateforme de l\u2019organisation 350&nbsp;<\/a>&nbsp;est une mine d\u2019or en terme d\u2019organisation collective. Des&nbsp;militantes et militants du monde entier y contribuent. Je t\u2019invite \u00e0 y faire un tour et \u00e0 farfouiller pour y trouver des id\u00e9es qui peuvent donner un nouveau souffle \u00e0 des actions collectives.&nbsp;<\/p>\n<\/details>\n\n\n\n<details class=\"wp-block-details is-layout-flow wp-block-details-is-layout-flow\"><summary>\u00c9ducation populaire<\/summary>\n<p><a href=\"https:\/\/www.education-populaire.fr\/ est un site foisonnant de ressources pour s'outiller en \u00e9ducation populaire politique.\">https:\/\/www.education-populaire.fr\/<\/a> est un site foisonnant de ressources pour s&rsquo;outiller en \u00e9ducation populaire politique. <\/p>\n<\/details>\n\n\n\n<details class=\"wp-block-details is-layout-flow wp-block-details-is-layout-flow\"><summary>FRACAS<\/summary>\n<p>C&rsquo;est un collectif queer et f\u00e9ministe qui propose diff\u00e9rents m\u00e9thodes et outils d&rsquo;intervention autour des questions de conflits, de violences interpersonnelles et intracommunautaires. Des r\u00e9flexions, des m\u00e9thodes qui se basent sur le v\u00e9cu.  <\/p>\n\n\n\n<p>\u00c0 d\u00e9couvrir <a href=\"http:\/\/Fracas est un collectif queer et f\u00e9ministe qui propose diff\u00e9rents m\u00e9thodes et outils d'intervention et de formation pour accompagner les personnes ou les collectifs autour des questions de conflits et\/ou violences interpersonnelles, intracommunautaires ou au sein de collectifs.\">ici<\/a>. <\/p>\n<\/details>\n\n\n\n<details class=\"wp-block-details is-layout-flow wp-block-details-is-layout-flow\"><summary>Aequitaz <\/summary>\n<p>Une association qui cr\u00e9e des collectifs de personnes concern\u00e9es par les injustices. Elle m\u00e8ne des actions guid\u00e9es par un \u00e9lan politique, mais aussi po\u00e9tique. Elle partage ainsi des ressources pour penser et agir en collectif qui sont uniques et puissantes. <\/p>\n\n\n\n<p>\u00c0 d\u00e9couvrir <a href=\"https:\/\/aequitaz.org\/ressources\" data-type=\"link\" data-id=\"https:\/\/aequitaz.org\/ressources\">ici<\/a>.<\/p>\n<\/details>\n\n\n\n<hr class=\"wp-block-separator has-alpha-channel-opacity\"\/>\n\n\n\n<p>Tu souhaites recevoir r\u00e9guli\u00e8rement dans ta bo\u00eete mail des nouvelles ressources et de belles inspirations ? Inscrit-toi \u00e0 <strong>La lettre des pouvoirs collectifs<\/strong> !<\/p>\n\n\n<style id=\"wpforms-css-vars-1875-block-cc9a5bae-ab71-44ac-8e36-fb25afec08c7\">\n\t\t\t\t#wpforms-1875.wpforms-block-cc9a5bae-ab71-44ac-8e36-fb25afec08c7 {\n\t\t\t\t--wpforms-button-background-color: #07705b;\n--wpforms-field-size-input-height: 43px;\n--wpforms-field-size-input-spacing: 15px;\n--wpforms-field-size-font-size: 16px;\n--wpforms-field-size-line-height: 19px;\n--wpforms-field-size-padding-h: 14px;\n--wpforms-field-size-checkbox-size: 16px;\n--wpforms-field-size-sublabel-spacing: 5px;\n--wpforms-field-size-icon-size: 1;\n--wpforms-label-size-font-size: 16px;\n--wpforms-label-size-line-height: 19px;\n--wpforms-label-size-sublabel-font-size: 14px;\n--wpforms-label-size-sublabel-line-height: 17px;\n--wpforms-button-size-font-size: 17px;\n--wpforms-button-size-height: 41px;\n--wpforms-button-size-padding-h: 15px;\n--wpforms-button-size-margin-top: 10px;\n\t\t\t}\n\t\t\t<\/style><div class=\"wpforms-container wpforms-container-full wpforms-block wpforms-block-cc9a5bae-ab71-44ac-8e36-fb25afec08c7 iframe srchttpsapollinerochesubstackcomembed width480 height150 styleborder 1px solid EEE background white frameborder0 scrollingnoiframe wpforms-render-modern\" id=\"wpforms-1875\"><form id=\"wpforms-form-1875\" class=\"wpforms-validate wpforms-form wpforms-ajax-form\" data-formid=\"1875\" method=\"post\" enctype=\"multipart\/form-data\" action=\"\/index.php\/wp-json\/wp\/v2\/pages\/223\" data-token=\"b3f774340cbff59482d59af16e2e80be\" data-token-time=\"1777572875\"><noscript class=\"wpforms-error-noscript\">Veuillez activer JavaScript dans votre navigateur pour remplir ce formulaire.<\/noscript><div id=\"wpforms-error-noscript\" style=\"display: none;\">Veuillez activer JavaScript dans votre navigateur pour remplir ce formulaire.<\/div><div class=\"wpforms-field-container\">\t\t<div id=\"wpforms-1875-field_3-container\"\n\t\t\tclass=\"wpforms-field wpforms-field-text\"\n\t\t\tdata-field-type=\"text\"\n\t\t\tdata-field-id=\"3\"\n\t\t\t>\n\t\t\t<label class=\"wpforms-field-label\" for=\"wpforms-1875-field_3\" >Email Nom<\/label>\n\t\t\t<input type=\"text\" id=\"wpforms-1875-field_3\" class=\"wpforms-field-medium\" name=\"wpforms[fields][3]\" >\n\t\t<\/div>\n\t\t<div id=\"wpforms-1875-field_1-container\" class=\"wpforms-field wpforms-field-name\" data-field-id=\"1\"><label class=\"wpforms-field-label\" for=\"wpforms-1875-field_1\">Nom <span class=\"wpforms-required-label\" aria-hidden=\"true\">*<\/span><\/label><input type=\"text\" id=\"wpforms-1875-field_1\" class=\"wpforms-field-medium wpforms-field-required\" name=\"wpforms[fields][1]\" aria-errormessage=\"wpforms-1875-field_1-error\" required><\/div><div id=\"wpforms-1875-field_2-container\" class=\"wpforms-field wpforms-field-email\" data-field-id=\"2\"><label class=\"wpforms-field-label\" for=\"wpforms-1875-field_2\">Email <span class=\"wpforms-required-label\" aria-hidden=\"true\">*<\/span><\/label><input type=\"email\" id=\"wpforms-1875-field_2\" class=\"wpforms-field-medium wpforms-field-required\" name=\"wpforms[fields][2]\" spellcheck=\"false\" aria-errormessage=\"wpforms-1875-field_2-error\" required><\/div><script>\n\t\t\t\t( function() {\n\t\t\t\t\tconst style = document.createElement( 'style' );\n\t\t\t\t\tstyle.appendChild( document.createTextNode( '#wpforms-1875-field_3-container { position: absolute !important; overflow: hidden !important; display: inline !important; height: 1px !important; width: 1px !important; z-index: -1000 !important; padding: 0 !important; } #wpforms-1875-field_3-container input { visibility: hidden; } #wpforms-conversational-form-page #wpforms-1875-field_3-container label { counter-increment: none; }' ) );\n\t\t\t\t\tdocument.head.appendChild( style );\n\t\t\t\t\tdocument.currentScript?.remove();\n\t\t\t\t} )();\n\t\t\t<\/script><\/div><!-- .wpforms-field-container --><div class=\"wpforms-submit-container\" ><input type=\"hidden\" name=\"wpforms[id]\" value=\"1875\"><input type=\"hidden\" name=\"page_title\" value=\"\"><input type=\"hidden\" name=\"page_url\" value=\"https:\/\/laserfouette.fr\/index.php\/wp-json\/wp\/v2\/pages\/223\"><input type=\"hidden\" name=\"url_referer\" value=\"\"><button type=\"submit\" name=\"wpforms[submit]\" id=\"wpforms-submit-1875\" class=\"wpforms-submit iframe srchttpsapollinerochesubstackcomembed width480 height320 styleborder 1px solid EEE background white frameborder0 scrollingnoiframe\" data-alt-text=\"Envoi en cours \" data-submit-text=\"S&#039;abonner\" aria-live=\"assertive\" value=\"wpforms-submit\">S&#039;abonner<\/button><img data-opt-id=955009146  data-opt-src=\"https:\/\/mluknvwbnyjc.i.optimole.com\/w:auto\/h:auto\/q:mauto\/f:best\/ig:avif\/https:\/\/laserfouette.fr\/wp-content\/plugins\/wpforms-lite\/assets\/images\/submit-spin.svg\"  decoding=\"async\" src=\"data:image/svg+xml,%3Csvg%20viewBox%3D%220%200%20100%%20100%%22%20width%3D%22100%%22%20height%3D%22100%%22%20xmlns%3D%22http%3A%2F%2Fwww.w3.org%2F2000%2Fsvg%22%3E%3Crect%20width%3D%22100%%22%20height%3D%22100%%22%20fill%3D%22transparent%22%2F%3E%3C%2Fsvg%3E\" class=\"optimole-lazy-only  wpforms-submit-spinner\" style=\"display: none;\" width=\"26\" height=\"26\" alt=\"Chargement en cours\"><\/div><\/form><\/div>  <!-- .wpforms-container -->","protected":false},"excerpt":{"rendered":"<p>Se pr\u00e9senter Participer &amp; prendre des d\u00e9cisions S&rsquo;exprimer &amp; prendre du recul R\u00e9partir les pouvoirs Livres Articles Vid\u00e9os &amp; podcasts Tu souhaites recevoir r\u00e9guli\u00e8rement dans ta bo\u00eete mail des nouvelles ressources et de belles inspirations ? Inscrit-toi \u00e0 La lettre des pouvoirs collectifs !<\/p>\n","protected":false},"author":1,"featured_media":722,"parent":0,"menu_order":0,"comment_status":"closed","ping_status":"closed","template":"","meta":{"footnotes":""},"class_list":["post-223","page","type-page","status-publish","has-post-thumbnail","hentry"],"_links":{"self":[{"href":"https:\/\/laserfouette.fr\/index.php\/wp-json\/wp\/v2\/pages\/223","targetHints":{"allow":["GET"]}}],"collection":[{"href":"https:\/\/laserfouette.fr\/index.php\/wp-json\/wp\/v2\/pages"}],"about":[{"href":"https:\/\/laserfouette.fr\/index.php\/wp-json\/wp\/v2\/types\/page"}],"author":[{"embeddable":true,"href":"https:\/\/laserfouette.fr\/index.php\/wp-json\/wp\/v2\/users\/1"}],"replies":[{"embeddable":true,"href":"https:\/\/laserfouette.fr\/index.php\/wp-json\/wp\/v2\/comments?post=223"}],"version-history":[{"count":16,"href":"https:\/\/laserfouette.fr\/index.php\/wp-json\/wp\/v2\/pages\/223\/revisions"}],"predecessor-version":[{"id":1920,"href":"https:\/\/laserfouette.fr\/index.php\/wp-json\/wp\/v2\/pages\/223\/revisions\/1920"}],"wp:featuredmedia":[{"embeddable":true,"href":"https:\/\/laserfouette.fr\/index.php\/wp-json\/wp\/v2\/media\/722"}],"wp:attachment":[{"href":"https:\/\/laserfouette.fr\/index.php\/wp-json\/wp\/v2\/media?parent=223"}],"curies":[{"name":"wp","href":"https:\/\/api.w.org\/{rel}","templated":true}]}}