{"id":1630,"date":"2026-01-30T09:50:49","date_gmt":"2026-01-30T08:50:49","guid":{"rendered":"https:\/\/laserfouette.fr\/index.php\/ateliers-deducation-populaire\/"},"modified":"2026-04-13T10:50:00","modified_gmt":"2026-04-13T08:50:00","slug":"ateliers-deducation-populaire","status":"publish","type":"page","link":"https:\/\/laserfouette.fr\/index.php\/ateliers-deducation-populaire\/","title":{"rendered":"Ateliers d&rsquo;\u00e9ducation populaire"},"content":{"rendered":"\n<h3 class=\"wp-block-heading has-text-align-center\">\u00c0 la Serfouette, on cultive, on bricole, on joue&#8230; le tout avec des outils d&rsquo;\u00e9ducation populaire, fond\u00e9s dans le concret et le pouvoir d&rsquo;agir.<\/h3>\n\n\n\n<p>Ici, rien de pr\u00e9d\u00e9fini mais une myriade de propositions qui saurons vous accrocher.<\/p>\n\n\n\n<div style=\"height:68px\" aria-hidden=\"true\" class=\"wp-block-spacer\"><\/div>\n\n\n\n<div class=\"wp-block-cover\" style=\"border-top-left-radius:45px;border-top-right-radius:45px;border-bottom-left-radius:45px;border-bottom-right-radius:45px;min-height:136px;aspect-ratio:unset;\"><img data-opt-id=2063322416  fetchpriority=\"high\" decoding=\"async\" width=\"1024\" height=\"768\" class=\"wp-block-cover__image-background wp-image-1642 size-large\" alt=\"\" src=\"https:\/\/mluknvwbnyjc.i.optimole.com\/w:1024\/h:768\/q:mauto\/f:best\/https:\/\/laserfouette.fr\/wp-content\/uploads\/2026\/01\/IMG_20240119_152901.jpg\" style=\"object-position:66% 14%\" data-object-fit=\"cover\" data-object-position=\"66% 14%\" srcset=\"https:\/\/mluknvwbnyjc.i.optimole.com\/w:1024\/h:768\/q:mauto\/f:best\/https:\/\/laserfouette.fr\/wp-content\/uploads\/2026\/01\/IMG_20240119_152901.jpg 1024w, https:\/\/mluknvwbnyjc.i.optimole.com\/w:300\/h:225\/q:mauto\/f:best\/https:\/\/laserfouette.fr\/wp-content\/uploads\/2026\/01\/IMG_20240119_152901.jpg 300w, https:\/\/mluknvwbnyjc.i.optimole.com\/w:768\/h:576\/q:mauto\/f:best\/https:\/\/laserfouette.fr\/wp-content\/uploads\/2026\/01\/IMG_20240119_152901.jpg 768w, https:\/\/mluknvwbnyjc.i.optimole.com\/w:1291\/h:968\/q:mauto\/f:best\/https:\/\/laserfouette.fr\/wp-content\/uploads\/2026\/01\/IMG_20240119_152901.jpg 1291w\" sizes=\"(max-width: 1000px) 100vw, 1000px\" \/><span aria-hidden=\"true\" class=\"wp-block-cover__background has-background-dim wp-block-cover__gradient-background has-background-gradient has-luminous-dusk-gradient-background\"><\/span><div class=\"wp-block-cover__inner-container is-layout-constrained wp-block-cover-is-layout-constrained\">\n<p class=\"has-text-align-center has-large-font-size\">En association<\/p>\n<\/div><\/div>\n\n\n\n<p>Vous souhaitez apporter une touche participative \u00e0 un de vos \u00e9v\u00e8nements ? Besoin d&rsquo;un regard ext\u00e9rieur ? Envie d&rsquo;exp\u00e9rimenter de nouveaux outils ?<\/p>\n\n\n\n<p>Voici quelques interventions propos\u00e9es par la Serfouette. Lors de ces ateliers, nous adoptons une posture de facilitation, en posant un cadre propice aux \u00e9changes. <\/p>\n\n\n\n<div class=\"wp-block-columns is-layout-flex wp-container-core-columns-is-layout-28f84493 wp-block-columns-is-layout-flex\">\n<div class=\"wp-block-column is-layout-flow wp-block-column-is-layout-flow\">\n<h5 class=\"wp-block-heading has-text-align-center\">Temps forts<\/h5>\n\n\n\n<ul class=\"wp-block-list\">\n<li>Assembl\u00e9e G\u00e9n\u00e9rale <\/li>\n\n\n\n<li>Refonte d&rsquo;un projet<\/li>\n\n\n\n<li>\u00c9v\u00e8nement festif <\/li>\n\n\n\n<li>R\u00e9union \u00e0 fort enjeu <\/li>\n<\/ul>\n<\/div>\n\n\n\n<div class=\"wp-block-column is-layout-flow wp-block-column-is-layout-flow\">\n<h5 class=\"wp-block-heading has-text-align-center\">Espaces de discussion<\/h5>\n\n\n\n<ul class=\"wp-block-list\">\n<li>Groupe d&rsquo;analyse entre paires <\/li>\n\n\n\n<li>Travail autour d&rsquo;un conflit <\/li>\n\n\n\n<li>\u00c9valuation, capitalisation <\/li>\n\n\n\n<li>Aide \u00e0 la prise de recul <\/li>\n<\/ul>\n<\/div>\n\n\n\n<div class=\"wp-block-column is-layout-flow wp-block-column-is-layout-flow\">\n<h5 class=\"wp-block-heading has-text-align-center\">Exp\u00e9riences ludiques <\/h5>\n\n\n\n<details class=\"wp-block-details is-layout-flow wp-block-details-is-layout-flow\"><summary>Caban&rsquo;archie<\/summary>\n<p>C&rsquo; est un jeu immersif con\u00e7u pour aborder les questions d&rsquo;organisation interne en association.<br><br>\ud83d\uded6\u200b Le principe : les participant\u22c5e\u22c5s jouent \u00e0 \u00eatre une \u00e9quipe qui g\u00e8re l&rsquo;association \u00ab\u00a0Caban&rsquo;abarchie\u00a0\u00bb (une assoc&rsquo; qui construit des cabanes). Ils et elles doivent traiter les diff\u00e9rents sujets et al\u00e9as qui se pr\u00e9sentent, sans perdre de vue le but de l&rsquo;association.<br><br>\u200b\ud83c\udf1f\u200b\u200b Le but : avoir atteint \u00e0 la fin de la partie un certain niveau de \u00ab\u00a0sens et pouvoir et collectif\u00a0\u00bb, sans avoir cram\u00e9 l\u2019\u00e9nergie de ses membres, ni \u00e9puis\u00e9 toutes les ressources de la structure.<br><\/p>\n<\/details>\n\n\n\n<details class=\"wp-block-details is-layout-flow wp-block-details-is-layout-flow\"><summary>Plong\u00e9e dans les r\u00f4les implicites <\/summary>\n<p>&nbsp;Un atelier pour aborder les r\u00f4les que l&rsquo;on prend et ceux qu&rsquo;on nous laisse. <\/p>\n\n\n\n<p>Avec comme support, un outil sp\u00e9cialement con\u00e7u pour cela : <\/p>\n\n\n\n<p>Dix arch\u00e9types de r\u00f4le sont repr\u00e9sent\u00e9s par des animaux marins. Chaque animal a sa carte qui le d\u00e9crit, et explique comment il peut \u00eatre mis au service du groupe.<\/p>\n<\/details>\n<\/div>\n<\/div>\n\n\n\n<div class=\"wp-block-cover\" style=\"border-top-left-radius:45px;border-top-right-radius:45px;border-bottom-left-radius:45px;border-bottom-right-radius:45px;min-height:136px;aspect-ratio:unset;\"><img data-opt-id=2063322416  fetchpriority=\"high\" decoding=\"async\" width=\"1024\" height=\"768\" class=\"wp-block-cover__image-background wp-image-1642 size-large\" alt=\"\" src=\"https:\/\/mluknvwbnyjc.i.optimole.com\/w:1024\/h:768\/q:mauto\/f:best\/https:\/\/laserfouette.fr\/wp-content\/uploads\/2026\/01\/IMG_20240119_152901.jpg\" style=\"object-position:83% 49%\" data-object-fit=\"cover\" data-object-position=\"83% 49%\" srcset=\"https:\/\/mluknvwbnyjc.i.optimole.com\/w:1024\/h:768\/q:mauto\/f:best\/https:\/\/laserfouette.fr\/wp-content\/uploads\/2026\/01\/IMG_20240119_152901.jpg 1024w, https:\/\/mluknvwbnyjc.i.optimole.com\/w:300\/h:225\/q:mauto\/f:best\/https:\/\/laserfouette.fr\/wp-content\/uploads\/2026\/01\/IMG_20240119_152901.jpg 300w, https:\/\/mluknvwbnyjc.i.optimole.com\/w:768\/h:576\/q:mauto\/f:best\/https:\/\/laserfouette.fr\/wp-content\/uploads\/2026\/01\/IMG_20240119_152901.jpg 768w, https:\/\/mluknvwbnyjc.i.optimole.com\/w:1291\/h:968\/q:mauto\/f:best\/https:\/\/laserfouette.fr\/wp-content\/uploads\/2026\/01\/IMG_20240119_152901.jpg 1291w\" sizes=\"(max-width: 1000px) 100vw, 1000px\" \/><span aria-hidden=\"true\" class=\"wp-block-cover__background has-background-dim wp-block-cover__gradient-background has-background-gradient has-luminous-dusk-gradient-background\"><\/span><div class=\"wp-block-cover__inner-container is-layout-constrained wp-block-cover-is-layout-constrained\">\n<p class=\"has-text-align-center has-large-font-size\">En collectif militant<\/p>\n<\/div><\/div>\n\n\n\n<p>Dans nos luttes, il est souvent difficile de se poser. Et pourtant, c&rsquo;est essentiel pour avoir de la port\u00e9e. Faire intervenir une personne ext\u00e9rieure pour un temps collectif, permet de vous lib\u00e9rer du temps et de l&rsquo;\u00e9nergie pour organiser la lutte. <\/p>\n\n\n\n<div class=\"wp-block-columns is-layout-flex wp-container-core-columns-is-layout-28f84493 wp-block-columns-is-layout-flex\">\n<div class=\"wp-block-column is-layout-flow wp-block-column-is-layout-flow\">\n<h5 class=\"wp-block-heading has-text-align-center\">Soin du collectif<\/h5>\n\n\n\n<ul class=\"wp-block-list\">\n<li>Facilitation d&rsquo;une conversation difficile <\/li>\n\n\n\n<li>Animation d&rsquo;une prise de d\u00e9cision <\/li>\n\n\n\n<li>Relecture d&rsquo;un \u00e9v\u00e8nement <\/li>\n\n\n\n<li>Analyse d&rsquo;une situation complexe<\/li>\n<\/ul>\n<\/div>\n\n\n\n<div class=\"wp-block-column is-layout-flow wp-block-column-is-layout-flow\">\n<h5 class=\"wp-block-heading has-text-align-center\">Actions de terrain<\/h5>\n\n\n\n<ul class=\"wp-block-list\">\n<li>Arpentage d&rsquo;un ouvrage <\/li>\n\n\n\n<li>Porteur de parole <\/li>\n\n\n\n<li>D\u00e9bat mouvant<\/li>\n<\/ul>\n<\/div>\n<\/div>\n\n\n\n<div class=\"wp-block-cover\" style=\"border-top-left-radius:45px;border-top-right-radius:45px;border-bottom-left-radius:45px;border-bottom-right-radius:45px;min-height:136px;aspect-ratio:unset;\"><img data-opt-id=2063322416  data-opt-src=\"https:\/\/mluknvwbnyjc.i.optimole.com\/w:1024\/h:768\/q:mauto\/f:best\/https:\/\/laserfouette.fr\/wp-content\/uploads\/2026\/01\/IMG_20240119_152901.jpg\"  decoding=\"async\" width=\"1024\" height=\"768\" class=\"wp-block-cover__image-background wp-image-1642 size-large\" alt=\"\" src=\"data:image/svg+xml,%3Csvg%20viewBox%3D%220%200%201024%20768%22%20width%3D%221024%22%20height%3D%22768%22%20xmlns%3D%22http%3A%2F%2Fwww.w3.org%2F2000%2Fsvg%22%3E%3Crect%20width%3D%221024%22%20height%3D%22768%22%20fill%3D%22transparent%22%2F%3E%3C%2Fsvg%3E\" style=\"object-position:27% 82%\" data-object-fit=\"cover\" data-object-position=\"27% 82%\" old-srcset=\"https:\/\/mluknvwbnyjc.i.optimole.com\/w:1024\/h:768\/q:mauto\/f:best\/https:\/\/laserfouette.fr\/wp-content\/uploads\/2026\/01\/IMG_20240119_152901.jpg 1024w, https:\/\/mluknvwbnyjc.i.optimole.com\/w:300\/h:225\/q:mauto\/f:best\/https:\/\/laserfouette.fr\/wp-content\/uploads\/2026\/01\/IMG_20240119_152901.jpg 300w, https:\/\/mluknvwbnyjc.i.optimole.com\/w:768\/h:576\/q:mauto\/f:best\/https:\/\/laserfouette.fr\/wp-content\/uploads\/2026\/01\/IMG_20240119_152901.jpg 768w, https:\/\/mluknvwbnyjc.i.optimole.com\/w:1291\/h:968\/q:mauto\/f:best\/https:\/\/laserfouette.fr\/wp-content\/uploads\/2026\/01\/IMG_20240119_152901.jpg 1291w\" \/><span aria-hidden=\"true\" class=\"wp-block-cover__background has-background-dim wp-block-cover__gradient-background has-background-gradient has-luminous-dusk-gradient-background\"><\/span><div class=\"wp-block-cover__inner-container is-layout-constrained wp-block-cover-is-layout-constrained\">\n<p class=\"has-text-align-center has-large-font-size\">En accueil collectif de mineurs <\/p>\n<\/div><\/div>\n\n\n\n<p>\u00c0 la Serfouette, on intervient aupr\u00e8s des structures qui encadrent des enfants et des jeunes, mais aussi directement aupr\u00e8s d&rsquo;eux.<\/p>\n\n\n\n<p>Pour un atelier ponctuel, ou bien accompagner tout un projet, on vise de d\u00e9velopper des comp\u00e9tences pour \u00eatre et faire en collectif.<\/p>\n\n\n\n<div class=\"wp-block-columns is-layout-flex wp-container-core-columns-is-layout-28f84493 wp-block-columns-is-layout-flex\">\n<div class=\"wp-block-column is-layout-flow wp-block-column-is-layout-flow\">\n<h5 class=\"wp-block-heading has-text-align-center\">Savoirs-\u00eatre <\/h5>\n\n\n\n<ul class=\"wp-block-list\">\n<li>D\u00e9veloppement de l&rsquo;esprit critique <\/li>\n\n\n\n<li>Exp\u00e9rimentation de la libre d\u00e9cision <\/li>\n\n\n\n<li>Animation de d\u00e9bats <\/li>\n\n\n\n<li>Coop\u00e9ration et r\u00e9solution de conflits <\/li>\n<\/ul>\n<\/div>\n\n\n\n<div class=\"wp-block-column is-layout-flow wp-block-column-is-layout-flow\">\n<h5 class=\"wp-block-heading has-text-align-center\">Savoirs-faire<\/h5>\n\n\n\n<ul class=\"wp-block-list\">\n<li>Couture <\/li>\n\n\n\n<li>Bricolage &amp; construction<\/li>\n\n\n\n<li>Jardinage <\/li>\n<\/ul>\n<\/div>\n<\/div>\n\n\n\n<hr class=\"wp-block-separator has-alpha-channel-opacity\"\/>\n\n\n\n<div style=\"height:57px\" aria-hidden=\"true\" class=\"wp-block-spacer\"><\/div>\n\n\n\n<div class=\"wp-block-group is-layout-constrained wp-block-group-is-layout-constrained\">\n<h2 class=\"wp-block-heading\">Combien \u00e7a co\u00fbte ? <\/h2>\n\n\n\n<p>Le prix d&rsquo;une intervention est d\u00e9termin\u00e9 en fonction de sa nature et de ses modalit\u00e9s pratiques. C&rsquo;est aussi une question de ce qui est juste pour vous, et pour moi. Nous en discutons ensemble pendant la phase de proposition et explorons les possibilit\u00e9s de financement.<\/p>\n\n\n\n<p>Un principe \u00e0 la base de mon activit\u00e9 : les savoirs et les comp\u00e9tences doivent \u00eatre accessibles \u00e0 tous, et en premier lieu aux collectifs qui d\u00e9marrent et agissent \u00e0 une petite \u00e9chelle.<\/p>\n\n\n\n<p>Aussi, j&rsquo;applique des tarifs en coh\u00e9rence avec la taille et les moyens de votre structure. Les plus gros participent ainsi au d\u00e9veloppement des plus petits.<\/p>\n\n\n\n<p>Pour vous donner un ordre d&rsquo;id\u00e9e, voici une grille tarifaire :<\/p>\n\n\n\n<details class=\"wp-block-details is-layout-flow wp-block-details-is-layout-flow\"><summary>Prix militant<\/summary>\n<p>Votre organisation compte de 0 \u00e0 3 salari\u00e9\u00b7es (collectif militant, association en cours de structuration etc.) : je souhaite avant tout soutenir vos actions ! \u2193\u2193<\/p>\n\n\n\n<p>Une journ\u00e9e d\u2019intervention = 400\u20ac \u00e0 650\u20ac<\/p>\n\n\n\n<p>Nous pouvons \u00e9galement pratiquer un prix libre et conscient.<\/p>\n<\/details>\n\n\n\n<details class=\"wp-block-details is-layout-flow wp-block-details-is-layout-flow\"><summary>Prix coh\u00e9rent<\/summary>\n<p>Votre organisation compte de 3 \u00e0 50&nbsp;salari\u00e9\u00b7es ( association employeuse, collectivit\u00e9 locale, coop\u00e9rative etc.) : le tarif correspond au temps de travail et \u00e0 l\u2019investissement que je consacre \u00e0 la pr\u00e9paration et \u00e0 la r\u00e9alisation de l\u2019intervention.<\/p>\n\n\n\n<p>Une journ\u00e9e d\u2019intervention = 600\u20ac \u00e0 850\u20ac&nbsp;<\/p>\n<\/details>\n\n\n\n<details class=\"wp-block-details is-layout-flow wp-block-details-is-layout-flow\"><summary>Prix solidaire <\/summary>\n<p>Votre organisation compte plus de 50\u00a0salari\u00e9\u00b7es (r\u00e9seau associatif national, f\u00e9d\u00e9ration, ONG etc.) : en travaillant avec moi, vous \u00eates solidaires des plus petits collectifs qui ont besoin de ces services.<\/p>\n\n\n\n<p>Une journ\u00e9e d\u2019intervention = 800\u20ac \u00e0 1200\u20ac&nbsp;&nbsp;<\/p>\n<\/details>\n\n\n\n<div style=\"height:40px\" aria-hidden=\"true\" class=\"wp-block-spacer\"><\/div>\n<\/div>\n","protected":false},"excerpt":{"rendered":"<p>\u00c0 la Serfouette, on cultive, on bricole, on joue&#8230; le tout avec des outils d&rsquo;\u00e9ducation populaire, fond\u00e9s dans le concret et le pouvoir d&rsquo;agir. Ici, rien de pr\u00e9d\u00e9fini mais une myriade de propositions qui saurons vous accrocher. Vous souhaitez apporter une touche participative \u00e0 un de vos \u00e9v\u00e8nements ? Besoin d&rsquo;un regard ext\u00e9rieur ? Envie [&hellip;]<\/p>\n","protected":false},"author":1,"featured_media":1642,"parent":0,"menu_order":0,"comment_status":"closed","ping_status":"closed","template":"","meta":{"footnotes":""},"class_list":["post-1630","page","type-page","status-publish","has-post-thumbnail","hentry"],"_links":{"self":[{"href":"https:\/\/laserfouette.fr\/index.php\/wp-json\/wp\/v2\/pages\/1630","targetHints":{"allow":["GET"]}}],"collection":[{"href":"https:\/\/laserfouette.fr\/index.php\/wp-json\/wp\/v2\/pages"}],"about":[{"href":"https:\/\/laserfouette.fr\/index.php\/wp-json\/wp\/v2\/types\/page"}],"author":[{"embeddable":true,"href":"https:\/\/laserfouette.fr\/index.php\/wp-json\/wp\/v2\/users\/1"}],"replies":[{"embeddable":true,"href":"https:\/\/laserfouette.fr\/index.php\/wp-json\/wp\/v2\/comments?post=1630"}],"version-history":[{"count":12,"href":"https:\/\/laserfouette.fr\/index.php\/wp-json\/wp\/v2\/pages\/1630\/revisions"}],"predecessor-version":[{"id":1916,"href":"https:\/\/laserfouette.fr\/index.php\/wp-json\/wp\/v2\/pages\/1630\/revisions\/1916"}],"wp:featuredmedia":[{"embeddable":true,"href":"https:\/\/laserfouette.fr\/index.php\/wp-json\/wp\/v2\/media\/1642"}],"wp:attachment":[{"href":"https:\/\/laserfouette.fr\/index.php\/wp-json\/wp\/v2\/media?parent=1630"}],"curies":[{"name":"wp","href":"https:\/\/api.w.org\/{rel}","templated":true}]}}